{"id":509,"date":"2021-04-27T14:44:28","date_gmt":"2021-04-27T13:44:28","guid":{"rendered":"http:\/\/integrale-szene.de\/wordpress\/?page_id=509"},"modified":"2021-04-27T14:45:36","modified_gmt":"2021-04-27T13:45:36","slug":"blog","status":"publish","type":"page","link":"http:\/\/integrale-szene.de\/wordpress\/","title":{"rendered":"Blog"},"content":{"rendered":"<div id='av_section_1'  class='avia-section main_color avia-section-default avia-no-border-styling  avia-bg-style-scroll  avia-builder-el-0  avia-builder-el-no-sibling   container_wrap fullsize' style=' '  ><div class='container' ><main  role=\"main\" itemprop=\"mainContentOfPage\"  class='template-page content  av-content-full alpha units'><div class='post-entry post-entry-type-page post-entry-509'><div class='entry-content-wrapper clearfix'>\n<div  class='av-alb-blogposts template-blog  '  itemscope=\"itemscope\" itemtype=\"https:\/\/schema.org\/Blog\" ><article class='post-entry post-entry-type-standard post-entry-420 post-loop-1 post-parity-odd single-small with-slider post-420 post type-post status-publish format-standard has-post-thumbnail hentry category-insistere category-isam'  itemscope=\"itemscope\" itemtype=\"https:\/\/schema.org\/BlogPosting\" ><div class='blog-meta'><a href='http:\/\/integrale-szene.de\/wordpress\/mystik-der-neue-zyklus-im-wir\/' class='small-preview'  title=\"Integraler Wirbel\"   itemprop=\"image\" itemscope=\"itemscope\" itemtype=\"https:\/\/schema.org\/ImageObject\" ><img width=\"180\" height=\"122\" src=\"http:\/\/integrale-szene.de\/wordpress\/wp-content\/uploads\/2010\/02\/integralersalonwirbel.jpg\" class=\"wp-image-172 avia-img-lazy-loading-172 attachment-square size-square wp-post-image\" alt=\"\" decoding=\"async\" loading=\"lazy\" srcset=\"http:\/\/integrale-szene.de\/wordpress\/wp-content\/uploads\/2010\/02\/integralersalonwirbel.jpg 550w, http:\/\/integrale-szene.de\/wordpress\/wp-content\/uploads\/2010\/02\/integralersalonwirbel-300x203.jpg 300w\" sizes=\"(max-width: 180px) 100vw, 180px\" \/><span class=\"iconfont\" aria-hidden='true' data-av_icon='\ue836' data-av_iconfont='entypo-fontello'><\/span><\/a><\/div><div class='entry-content-wrapper clearfix standard-content'><header class=\"entry-content-header\"><h2 class='post-title entry-title '  itemprop=\"headline\" >\t<a href='http:\/\/integrale-szene.de\/wordpress\/mystik-der-neue-zyklus-im-wir\/' rel='bookmark' title='Permanenter Link zu: Mystik &#8211; der neue Zyklus im Wir'>Mystik &#8211; der neue Zyklus im Wir\t\t\t<span class='post-format-icon minor-meta'><\/span>\t<\/a><\/h2><span class='post-meta-infos'><time class='date-container minor-meta updated' >18. September 2010<\/time><span class='text-sep text-sep-date'>\/<\/span><span class='comment-container minor-meta'><a href=\"http:\/\/integrale-szene.de\/wordpress\/mystik-der-neue-zyklus-im-wir\/#respond\" class=\"comments-link\" >0 Kommentare<\/a><\/span><span class='text-sep text-sep-comment'>\/<\/span><span class=\"blog-categories minor-meta\">in <a href=\"http:\/\/integrale-szene.de\/wordpress\/category\/frauenfeld\/insistere\/\" rel=\"tag\">Insistere<\/a>, <a href=\"http:\/\/integrale-szene.de\/wordpress\/category\/isam\/\" rel=\"tag\">Isam<\/a> <\/span><span class=\"text-sep text-sep-cat\">\/<\/span><span class=\"blog-author minor-meta\">von <span class=\"entry-author-link\"  itemprop=\"author\" ><span class=\"author\"><span class=\"fn\"><a href=\"http:\/\/integrale-szene.de\/wordpress\/author\/susanya\/\" title=\"Beitr\u00e4ge von susanya\" rel=\"author\">susanya<\/a><\/span><\/span><\/span><\/span><\/span><\/header><div class=\"entry-content\"  itemprop=\"text\" ><p>Kurzer R\u00fcckblick \u00fcber die vergangenen zweimal. Auftakt machten Rainer und Harald mit der Frage was ist Mystik? Eine gandiose LachTsunami hat uns alle au\u00dferhalb von Zeit und Raum versetzt , unbeschreiblich, kosmisch und\u00a0 g\u00f6ttlich verr\u00fcckt, Weisheit von ihrer leichtesten und tiefsten Seite.<\/p>\n<p>Johanna f\u00fchrte uns in der zweiten Runde\u00a0 am\u00a0 24 Oktober durch die Religionen und ihr Anliegen und Ausdruck bez\u00fcglich\u00a0 Mystik. Wunderbar durchschwungen durch musikalische Beitr\u00e4ge von Elisabeth. Ein Ringen um die Grundtendenzen\u00a0 einerseits der Philosophie, der Struktur, dem Er\u00f6rtern , den Perspektiven und andererseits dem Prozess, den flie\u00dfenden \u00dcberg\u00e4ngen, den Ph\u00e4nomenen, den Interpreationsspielr\u00e4umen\u00a0 und dem individuellen, im Dialog sich verdichtenden Wir, zwei Pole zwischen denen die Mystik sich ausbreitet.<\/p>\n<p>Der n\u00e4chste Salon ist am <strong>21 November 2010 <\/strong>\u2013 gestaltet von Johanna und Karsten zum Thema die Rolle des K\u00f6rpers, der 4 K\u00f6rper in der Mystik. Themen wie Askese, Martyrium und die Grenzg\u00e4nge was Schmerz angeht. Auf der anderen Seite Tantra und die Alchemie von m\u00e4nnlich weiblich auf dem Weg zur Ganzheit, die Verbindung zwischen Sexualit\u00e4t und Spiritualit\u00e4t.<\/p>\n<p>Das Ph\u00e4nomen der \u00dcbertragung, Spiegelneuronen und subtile Ph\u00e4nomene als teilbare Wirklichkeit. Satsangs und mehr<\/p>\n<p>Am<strong> 12 Dezember 2010 <\/strong>haben sich Steffi und Rainer zur Verf\u00fcgung gestellt . Einmal mehr geht es um die Rolle des Schattens im Ringen um die tiefste Wahrheit. Von D\u00e4monen , Geistern und unvollendetem auf dem Weg den eigenen daimon ins Leben zu bringen. Das Ich , der Zeuge und das unique self als Schl\u00fcsselelemente. Eine\u00a0 spannende Frage wie sich die 3 dunklen N\u00e4chte dazu in Beziehung setzen lassen.\u00a0 Welche Rolle spielt die Poesie, die Koans und das unsagbare in der Mystik.<\/p>\n<p>Am<strong> 16 Januar 2011 <\/strong>sind die Gastgeber Rainer, Gerd und Mignon.\u00a0 Die Rolle der Sangha, der praktizierenden , in einem Geiste verbundenen Mitmenschen.\u00a0 Inwieweit ist Mystik ein gemeinsamer Weg, ein Wir im second thier eine Basis f\u00fcr eine zeitgem\u00e4\u00dfe Mystik. Eine Art Rundblick in der integral informierten Szene. Die Arbeit von Scott Peck und die Phasen zum authentischen wir\u00a0 &#8211; was hat die Phase des Chaos, des Nichtwissens, dem Sprechen aus der Mitte\u00a0 mit Mystik zu tun. Ist der heilige Geist, das sophienprinzip der Guru, die Gurvi eines neuen Wirs?<\/p>\n<p>Am <strong>20 Februar 2011 <\/strong>widmen sich Harald, Steffi und Lydia der Ethik einer zeitgem\u00e4\u00dfen Mystik. Das Bodhisattva ideal von Diane Hamilton. Gibt es Ideale des gemeinsamen Lebens heute die eine \u00fcbergeordnete\u00a0 Matrix schaffen k\u00f6nnen, einen interreligi\u00f6sen Dialog erm\u00f6glichen. Das gemeinsame in den Traditionen auf dem Hintergrund der Ebenen und kulturellen Kontexte.<\/p>\n<p>Der <strong>20 M\u00e4rz 2011 <\/strong>steht unter dem Stern der Spiritualit\u00e4t, der Wohnstatt der Mystik. Bereit erkl\u00e4rt haben sich\u00a0 Elisabeth, J\u00fcrgen und Lisa.\u00a0 Welche Rolle spielt die Mystik\u00a0 in der Religion?\u00a0 Was ist es f\u00fcr ein Entwicklungsweg? Was gibt es f\u00fcr Praktiken? Eine Psychologie au\u00dfergew\u00f6hnlicher Zust\u00e4nde\u00a0 in Ausz\u00fcgen aus Wilbers Werk.\u00a0 Das Totenbuch \u2013 Buchempfehlung von Wulf Mirko Weinreich.<\/p>\n<p>Der<strong> 17 April 2011<\/strong> Carsten Gerd und Lisa geben uns eine Eindruck was Kunst, das Sch\u00f6pferische, die Inspiration, Innovatives mit Mystik zu tun hat.\u00a0 Aus welcher Quelle sch\u00f6pfen wir wenn wir als Kreative? Welche Musik bringt uns in welchen Zustand, er\u00f6ffnet welchen inneren Raum? Kunstwerke als Ausdruck von Zustandserfahrungen, Beispiele? Schwingungen in Form und Farbe als individuelle Praxis. Der Tanz , das Gebet und das Ritual \u2013 als\u00a0 Kunstform die Performance \u2013 was bietet sie f\u00fcr Erlebnishorizonte.<\/p>\n<\/div><footer class=\"entry-footer\"><\/footer><div class='post_delimiter'><\/div><\/div><div class='post_author_timeline'><\/div><span class='hidden'>\n\t\t\t\t<span class='av-structured-data'  itemprop=\"image\" itemscope=\"itemscope\" itemtype=\"https:\/\/schema.org\/ImageObject\" >\n\t\t\t\t\t\t<span itemprop='url'>http:\/\/integrale-szene.de\/wordpress\/wp-content\/uploads\/2010\/02\/integralersalonwirbel.jpg<\/span>\n\t\t\t\t\t\t<span itemprop='height'>374<\/span>\n\t\t\t\t\t\t<span itemprop='width'>550<\/span>\n\t\t\t\t<\/span>\n\t\t\t\t<span class='av-structured-data'  itemprop=\"publisher\" itemtype=\"https:\/\/schema.org\/Organization\" itemscope=\"itemscope\" >\n\t\t\t\t\t\t<span itemprop='name'>susanya<\/span>\n\t\t\t\t\t\t<span itemprop='logo' itemscope itemtype='https:\/\/schema.org\/ImageObject'>\n\t\t\t\t\t\t\t<span itemprop='url'>http:\/\/integrale-szene.de\/wordpress\/wp-content\/uploads\/2021\/04\/logo-integrale-szene.png<\/span>\n\t\t\t\t\t\t <\/span>\n\t\t\t\t<\/span><span class='av-structured-data'  itemprop=\"author\" itemscope=\"itemscope\" itemtype=\"https:\/\/schema.org\/Person\" ><span itemprop='name'>susanya<\/span><\/span><span class='av-structured-data'  itemprop=\"datePublished\" datetime=\"2010-09-18T13:24:15+01:00\" >2010-09-18 13:24:15<\/span><span class='av-structured-data'  itemprop=\"dateModified\" itemtype=\"https:\/\/schema.org\/dateModified\" >2021-04-27 14:36:19<\/span><span class='av-structured-data'  itemprop=\"mainEntityOfPage\" itemtype=\"https:\/\/schema.org\/mainEntityOfPage\" ><span itemprop='name'>Mystik &#8211; der neue Zyklus im Wir<\/span><\/span><\/span><\/article><article class='post-entry post-entry-type-standard post-entry-410 post-loop-2 post-parity-even single-small  post-410 post type-post status-publish format-standard hentry category-aktuelles-termine'  itemscope=\"itemscope\" itemtype=\"https:\/\/schema.org\/BlogPosting\" ><div class='blog-meta'><a href='http:\/\/integrale-szene.de\/wordpress\/integrale-szene-integraler-salon-zweite-jahreshalfte\/' class='small-preview'  title=\"Integrale Szene &amp; Integraler Salon  zweite Jahresh\u00e4lfte\"   itemprop=\"image\" itemscope=\"itemscope\" itemtype=\"https:\/\/schema.org\/ImageObject\" ><span class=\"iconfont\" aria-hidden='true' data-av_icon='\ue836' data-av_iconfont='entypo-fontello'><\/span><\/a><\/div><div class='entry-content-wrapper clearfix standard-content'><header class=\"entry-content-header\"><h2 class='post-title entry-title '  itemprop=\"headline\" >\t<a href='http:\/\/integrale-szene.de\/wordpress\/integrale-szene-integraler-salon-zweite-jahreshalfte\/' rel='bookmark' title='Permanenter Link zu: Integrale Szene &#038; Integraler Salon  zweite Jahresh\u00e4lfte'>Integrale Szene &#038; Integraler Salon  zweite Jahresh\u00e4lfte\t\t\t<span class='post-format-icon minor-meta'><\/span>\t<\/a><\/h2><span class='post-meta-infos'><time class='date-container minor-meta updated' >14. Juli 2010<\/time><span class='text-sep text-sep-date'>\/<\/span><span class='comment-container minor-meta'><a href=\"http:\/\/integrale-szene.de\/wordpress\/integrale-szene-integraler-salon-zweite-jahreshalfte\/#respond\" class=\"comments-link\" >0 Kommentare<\/a><\/span><span class='text-sep text-sep-comment'>\/<\/span><span class=\"blog-categories minor-meta\">in <a href=\"http:\/\/integrale-szene.de\/wordpress\/category\/aktuelles-termine\/\" rel=\"tag\">Aktuelles &amp; Termine<\/a> <\/span><span class=\"text-sep text-sep-cat\">\/<\/span><span class=\"blog-author minor-meta\">von <span class=\"entry-author-link\"  itemprop=\"author\" ><span class=\"author\"><span class=\"fn\"><a href=\"http:\/\/integrale-szene.de\/wordpress\/author\/susanya\/\" title=\"Beitr\u00e4ge von susanya\" rel=\"author\">susanya<\/a><\/span><\/span><\/span><\/span><\/span><\/header><div class=\"entry-content\"  itemprop=\"text\" ><p><a href=\"http:\/\/integrale-szene.de\/wordpress\/wp-content\/uploads\/2010\/07\/364599_fresh.jpg\"><img decoding=\"async\" loading=\"lazy\" class=\"alignleft size-full wp-image-414\" title=\"364599_fresh\" src=\"http:\/\/integrale-szene.de\/wordpress\/wp-content\/uploads\/2010\/07\/364599_fresh.jpg\" alt=\"\" width=\"100\" height=\"72\" \/><\/a>Es war ein reiches halbes Jahr. Der Zyklus im Integralen Salon\u00a0 zum Wir\u00a0 hat viele neue Einsichten beschert und es gilt nachzutragen, zu b\u00fcndeln, zu verdichten. Das Denken wird fl\u00fcssiger, die Spielweisen leicht &#8211; sinniger und die Zug\u00e4nge zur Wirklichkeit vielschichtiger.<strong> Den August eine lange Atempause einlegen<\/strong>, den Sommer genie\u00dfen und am Buch schreiben zu den Achtsamen. Dankbar f\u00fcr die vielen Impulse die meine Mitmenschen gegeben haben , ihre Liebe zum miteinander sein und radikale Experimentierfreude. Mein i pad tut gute Dienste am See und als Wegbegleiter und erlaubt der Muse mich \u00fcberall hin zu begleiten. Danke Danke Danke<\/p>\n<p>Wir treffen uns zum<strong> integralen Salon am 25 sten Juli<\/strong> und legen den neuen Zyklus fest mit Verantwortlichkeiten. Grundthema wird sein\u00a0 philosophisches &#8211; Freund\/in der Sophia , das denken in der ganzen Vielschichtigkeit und Mystik, als ein vision\u00e4res\u00a0 sinnliches Portal zu dem Hintegrund , zur Stille, zur flutenden Welt der Bilder, Visionen, Einsichten und dem Lieben. Paare im Gespr\u00e4ch mit dem Zeitgeist und was sie geh\u00f6rt, erlauscht, verstanden, versprachlicht haben.<\/p>\n<p>Wir beginnen am 19 September &#8211; fahren fort am 24 sten Oktober &#8211; im November bin ich in Indien auf Tara Pilgerinnenreise &#8211; im Dezember am 19 sten Dezember &#8211; der wunderbare Weise mein Geburtstag ist und der Taranacht folgt. F\u00fcr alle die die l\u00e4ngerfristig planen wollen.<\/p>\n<p>Die <strong>Integrale Szene trifft sich am Donnerstag den 15 ten <\/strong>um ebenfalls ihr weiteres Vorgehen zu besprechen. Weiter gehts im\u00a0 September, mit mir am 16 ten September &#8211; vorher bin ich in der Schweiz unterwegs.<\/p>\n<p>Vorschlag ist anhand des in Deutsch erscheinenden Buches \u00fcber Integrale Lebenspraxis grundlegendes anzugehen. Um vor allem Neueinsteigern\/innen mehr\u00a0 Einblick zu gew\u00e4hren.<\/p>\n<\/div><footer class=\"entry-footer\"><\/footer><div class='post_delimiter'><\/div><\/div><div class='post_author_timeline'><\/div><span class='hidden'>\n\t\t\t\t<span class='av-structured-data'  itemprop=\"image\" itemscope=\"itemscope\" itemtype=\"https:\/\/schema.org\/ImageObject\" >\n\t\t\t\t\t\t<span itemprop='url'>http:\/\/integrale-szene.de\/wordpress\/wp-content\/uploads\/2021\/04\/logo-integrale-szene.png<\/span>\n\t\t\t\t\t\t<span itemprop='height'>0<\/span>\n\t\t\t\t\t\t<span itemprop='width'>0<\/span>\n\t\t\t\t<\/span>\n\t\t\t\t<span class='av-structured-data'  itemprop=\"publisher\" itemtype=\"https:\/\/schema.org\/Organization\" itemscope=\"itemscope\" >\n\t\t\t\t\t\t<span itemprop='name'>susanya<\/span>\n\t\t\t\t\t\t<span itemprop='logo' itemscope itemtype='https:\/\/schema.org\/ImageObject'>\n\t\t\t\t\t\t\t<span itemprop='url'>http:\/\/integrale-szene.de\/wordpress\/wp-content\/uploads\/2021\/04\/logo-integrale-szene.png<\/span>\n\t\t\t\t\t\t <\/span>\n\t\t\t\t<\/span><span class='av-structured-data'  itemprop=\"author\" itemscope=\"itemscope\" itemtype=\"https:\/\/schema.org\/Person\" ><span itemprop='name'>susanya<\/span><\/span><span class='av-structured-data'  itemprop=\"datePublished\" datetime=\"2010-07-14T08:46:08+01:00\" >2010-07-14 08:46:08<\/span><span class='av-structured-data'  itemprop=\"dateModified\" itemtype=\"https:\/\/schema.org\/dateModified\" >2010-07-14 08:58:25<\/span><span class='av-structured-data'  itemprop=\"mainEntityOfPage\" itemtype=\"https:\/\/schema.org\/mainEntityOfPage\" ><span itemprop='name'>Integrale Szene &#038; Integraler Salon  zweite Jahresh\u00e4lfte<\/span><\/span><\/span><\/article><article class='post-entry post-entry-type-standard post-entry-189 post-loop-3 post-parity-odd single-small  post-189 post type-post status-publish format-standard hentry category-events tag-big-mind tag-diane-hamilton tag-mark-gafni tag-schlagwort-hinzufugen'  itemscope=\"itemscope\" itemtype=\"https:\/\/schema.org\/BlogPosting\" ><div class='blog-meta'><a href='http:\/\/integrale-szene.de\/wordpress\/diane-hamilton-und-mark-gafni-in-munchen\/' class='small-preview'  title=\"Dian Hamilton - Zenmeisterin und big mind Expertin und Mark Gafni - Rabbi\"   itemprop=\"image\" itemscope=\"itemscope\" itemtype=\"https:\/\/schema.org\/ImageObject\" ><span class=\"iconfont\" aria-hidden='true' data-av_icon='\ue836' data-av_iconfont='entypo-fontello'><\/span><\/a><\/div><div class='entry-content-wrapper clearfix standard-content'><header class=\"entry-content-header\"><h2 class='post-title entry-title '  itemprop=\"headline\" >\t<a href='http:\/\/integrale-szene.de\/wordpress\/diane-hamilton-und-mark-gafni-in-munchen\/' rel='bookmark' title='Permanenter Link zu: Diane Hamilton und Mark Gafni in M\u00fcnchen'>Diane Hamilton und Mark Gafni in M\u00fcnchen\t\t\t<span class='post-format-icon minor-meta'><\/span>\t<\/a><\/h2><span class='post-meta-infos'><time class='date-container minor-meta updated' >8. Juni 2010<\/time><span class='text-sep text-sep-date'>\/<\/span><span class='comment-container minor-meta'><a href=\"http:\/\/integrale-szene.de\/wordpress\/diane-hamilton-und-mark-gafni-in-munchen\/#respond\" class=\"comments-link\" >0 Kommentare<\/a><\/span><span class='text-sep text-sep-comment'>\/<\/span><span class=\"blog-categories minor-meta\">in <a href=\"http:\/\/integrale-szene.de\/wordpress\/category\/events\/\" rel=\"tag\">Events<\/a> <\/span><span class=\"text-sep text-sep-cat\">\/<\/span><span class=\"blog-author minor-meta\">von <span class=\"entry-author-link\"  itemprop=\"author\" ><span class=\"author\"><span class=\"fn\"><a href=\"http:\/\/integrale-szene.de\/wordpress\/author\/susanya\/\" title=\"Beitr\u00e4ge von susanya\" rel=\"author\">susanya<\/a><\/span><\/span><\/span><\/span><\/span><\/header><div class=\"entry-content\"  itemprop=\"text\" ><p style=\"text-align: left;\">\n<p><a href=\"http:\/\/integrale-szene.de\/wordpress\/wp-content\/uploads\/2010\/06\/DIA_FLYER2010_iEVOLVE_2.pdf\"><img decoding=\"async\" loading=\"lazy\" class=\"size-medium wp-image-374\" style=\"margin: 5px;\" title=\"flyer-iEvolve-tour\" src=\"http:\/\/integrale-szene.de\/wordpress\/wp-content\/uploads\/2010\/06\/flyer-iEvolve-tour-291x300.jpg\" alt=\"iEvolve Tour Flyer 2010\" width=\"291\" height=\"300\" align=\"left\" \/><\/a>Wir freuen uns <strong>Diane Hamilton<\/strong> &#8211; Zenmeisterin und big mind Expertin und <strong>Mark Gafni<\/strong> &#8211; Rabbi, beide Mitglieder des Integral Institutes Boulder &#8211; <strong>am 24. Juni 2010<\/strong> zu einem Abendworkshop in M\u00fcnchen zu begr\u00fc\u00dfen.<\/p>\n<p style=\"text-align: left;\">Ge\u00e4nderter\u00a0 Veranstaltungsort: <strong>Lothstra\u00dfe 5 im 2. Stock. <\/strong>(im westlichen Teil des Stadtbezirks Maxvorstadt)<\/p>\n<p style=\"text-align: left;\"><strong>Beginn 19 Uhr &#8211; Ende 22 Uhr.<\/strong><\/p>\n<p style=\"text-align: left;\"><strong> <\/strong>\u00d6ffentlich erreichbar \u00fcber U 1 bzw U 7 Richtung OEZ zwei Stationen vom Hauptbahnhof aus entfernt. Circa 300 m von der Station Maillingerstra\u00dfe. Parkpl\u00e4tze gibt es gegen Geb\u00fchr. Der Abend wird ins Deutsche \u00fcbersetzt.<\/p>\n<p style=\"text-align: left;\">Eintrittspreis: 35,- \u20ac (IF Mitglieder erm\u00e4\u00dfigt: 25,-\u20ac) Eine ausf\u00fchrliche Kursbeschreibung finden Sie hier:<\/p>\n<p><a href=\"http:\/\/ii-frankfurt.de\/Unique-Self-Big-Mind.204.0.html\" target=\"_blank\" rel=\"noopener\">Diane Hamilton und Mark Gafni in M\u00fcnchen<\/a><\/p>\n<p><a title=\"Anmeldung Diane Hamilton &amp; Mark Gafni\" href=\"mailto:susanya@achtsamen.de?subject=Anmeldung%20Diane%20Hamilton\">Anmeldung per e-mail<\/a><\/p>\n<p><a title=\"iEvolve Tour 2010 Flyer downloaden\" href=\"http:\/\/integrale-szene.de\/wordpress\/wp-content\/uploads\/2010\/06\/DIA_FLYER2010_iEVOLVE_2.pdf\" target=\"_blank\">Hier den Flyer downloaden<\/a><\/p>\n<h1><a href=\"http:\/\/integrale-szene.de\/wordpress\/wp-content\/uploads\/2010\/06\/faces-2.jpg\"><img decoding=\"async\" loading=\"lazy\" title=\"Diane Hamilton und Marc Gafni\" src=\"http:\/\/integrale-szene.de\/wordpress\/wp-content\/uploads\/2010\/06\/faces-2.jpg\" alt=\"Diane Hamilton und Marc Gafni\" width=\"159\" height=\"326\" align=\"left\" \/><\/a>Diane Musho Hamilton<\/h1>\n<p>ist ordinierte\u00a0 Dharma-Nachfolgerin von Genpo Roshi in\u00a0 der japanischen Zen-Tradition, hat daru\u0308ber\u00a0 hinaus Lehrbefugnis fu\u0308r den von ihm entwickelten Big Mind Prozess und ist zudem durch ihre langja\u0308hrige Lehrta\u0308tigkeit fu\u0308r das Integral Institute von Ken Wilber \u201aintegral ordiniert\u2018, als einer der seltenen Menschen, die ein verko\u0308rpertes Gewahrsein von AQAL\u00a0 demonstrieren. Wie kaum eine andere Lehrerin hat sie ein u\u0308beraus feines Gespu\u0308r fu\u0308r die Lenkung von Energien in Gruppenprozessen.\u201eiEvolve- Tour\u201c<\/p>\n<h1>Marc Gafni<\/h1>\n<p>Rabbi Marc Gafni ist ein unkonventioneller Lehrer von Kabbala und Evolutiona\u0308rer Spiritualita\u0308t.\u00a0 Er hat mehrere Bu\u0308cher geschrieben, inklusive des US-Bestsellers Soul Prints. Gafnis Lehre ist gekennzeichnet von einer tiefen Transmission eines offenen Herzens, von Liebe und provokanter Leading-Edge-Weisheit. Gafnis perso\u0308nlicher Weg der Entwicklung, sowohl in der Agonie und der Ekstase dessen, was er \u201eheilige Autobiographie\u201c nennt bildeten den Kontext fu\u0308r seine perso\u0308nliche Verwirklichung. Er lehrt von diesem Ort der Demut eines Menschen, dessen Herz gebrochen wurde, dem Ort der radikalen Freude und der heiligen Verwegenheit.<\/p>\n<p><a href=\"http:\/\/integrale-szene.de\/wordpress\/wp-content\/uploads\/2010\/06\/DIA_FLYER2010_iEVOLVE_2.pdf\">DIA_FLYER2010_iEVOLVE_2<\/a><\/p>\n<p><a title=\"zum Integralen Forum\" href=\"http:\/\/if.integralesforum.org\/\" target=\"_blank\" rel=\"noopener\">Hier das gesamte Programm und alle Details zum Integralen Forum<\/a><\/p>\n<\/div><footer class=\"entry-footer\"><\/footer><div class='post_delimiter'><\/div><\/div><div class='post_author_timeline'><\/div><span class='hidden'>\n\t\t\t\t<span class='av-structured-data'  itemprop=\"image\" itemscope=\"itemscope\" itemtype=\"https:\/\/schema.org\/ImageObject\" >\n\t\t\t\t\t\t<span itemprop='url'>http:\/\/integrale-szene.de\/wordpress\/wp-content\/uploads\/2021\/04\/logo-integrale-szene.png<\/span>\n\t\t\t\t\t\t<span itemprop='height'>0<\/span>\n\t\t\t\t\t\t<span itemprop='width'>0<\/span>\n\t\t\t\t<\/span>\n\t\t\t\t<span class='av-structured-data'  itemprop=\"publisher\" itemtype=\"https:\/\/schema.org\/Organization\" itemscope=\"itemscope\" >\n\t\t\t\t\t\t<span itemprop='name'>susanya<\/span>\n\t\t\t\t\t\t<span itemprop='logo' itemscope itemtype='https:\/\/schema.org\/ImageObject'>\n\t\t\t\t\t\t\t<span itemprop='url'>http:\/\/integrale-szene.de\/wordpress\/wp-content\/uploads\/2021\/04\/logo-integrale-szene.png<\/span>\n\t\t\t\t\t\t <\/span>\n\t\t\t\t<\/span><span class='av-structured-data'  itemprop=\"author\" itemscope=\"itemscope\" itemtype=\"https:\/\/schema.org\/Person\" ><span itemprop='name'>susanya<\/span><\/span><span class='av-structured-data'  itemprop=\"datePublished\" datetime=\"2010-06-08T13:07:21+01:00\" >2010-06-08 13:07:21<\/span><span class='av-structured-data'  itemprop=\"dateModified\" itemtype=\"https:\/\/schema.org\/dateModified\" >2010-06-29 14:57:14<\/span><span class='av-structured-data'  itemprop=\"mainEntityOfPage\" itemtype=\"https:\/\/schema.org\/mainEntityOfPage\" ><span itemprop='name'>Diane Hamilton und Mark Gafni in M\u00fcnchen<\/span><\/span><\/span><\/article><article class='post-entry post-entry-type-standard post-entry-265 post-loop-4 post-parity-even single-small  post-265 post type-post status-publish format-standard hentry category-isam tag-healing-event tag-hubl tag-trauma'  itemscope=\"itemscope\" itemtype=\"https:\/\/schema.org\/BlogPosting\" ><div class='blog-meta'><a href='http:\/\/integrale-szene.de\/wordpress\/healing-event-berlin\/' class='small-preview'  title=\"Healing event Berlin\"   itemprop=\"image\" itemscope=\"itemscope\" itemtype=\"https:\/\/schema.org\/ImageObject\" ><span class=\"iconfont\" aria-hidden='true' data-av_icon='\ue836' data-av_iconfont='entypo-fontello'><\/span><\/a><\/div><div class='entry-content-wrapper clearfix standard-content'><header class=\"entry-content-header\"><h2 class='post-title entry-title '  itemprop=\"headline\" >\t<a href='http:\/\/integrale-szene.de\/wordpress\/healing-event-berlin\/' rel='bookmark' title='Permanenter Link zu: Healing event Berlin'>Healing event Berlin\t\t\t<span class='post-format-icon minor-meta'><\/span>\t<\/a><\/h2><span class='post-meta-infos'><time class='date-container minor-meta updated' >21. Mai 2010<\/time><span class='text-sep text-sep-date'>\/<\/span><span class='comment-container minor-meta'><a href=\"http:\/\/integrale-szene.de\/wordpress\/healing-event-berlin\/#respond\" class=\"comments-link\" >0 Kommentare<\/a><\/span><span class='text-sep text-sep-comment'>\/<\/span><span class=\"blog-categories minor-meta\">in <a href=\"http:\/\/integrale-szene.de\/wordpress\/category\/isam\/\" rel=\"tag\">Isam<\/a> <\/span><span class=\"text-sep text-sep-cat\">\/<\/span><span class=\"blog-author minor-meta\">von <span class=\"entry-author-link\"  itemprop=\"author\" ><span class=\"author\"><span class=\"fn\"><a href=\"http:\/\/integrale-szene.de\/wordpress\/author\/susanya\/\" title=\"Beitr\u00e4ge von susanya\" rel=\"author\">susanya<\/a><\/span><\/span><\/span><\/span><\/span><\/header><div class=\"entry-content\"  itemprop=\"text\" ><p><em>Und das Sinken geschieht um des Steigens willen\u00a0\u00a0 Buch Sohar<\/em><\/p>\n<p>Das healing event in Berlin &#8211; eine Einladung an Menschen, die anl\u00e4sslich des Jahrestages der Kapitulation vor 65 Jahren sich besinnen, erinnern und auf heilsames ausrichten wollen. Wahrheit heilt &#8211; vom Trauma zur neuen Kraft der Verantwortung.In der Vorbereitung ist mir deutlich geworden wieviel Arbeit schon geleistet worden ist. Politisch, spirituell, k\u00fcnstlerisch, heilerisch &#8211; wieviele Organisationen sich gebildet haben, um dem Wahnsinn die Stirn zu bieten, mit Herz und Hand sich zur Verf\u00fcgung stellend. Die auftauchende Frage war wie mit den vielen abgebrochenen, zersprengten Leben\/swelten umgehen, mit der Anderswelt, den Zwischenwelten, die Br\u00fccke schlagen zu Toten, Vergessenen und Erinnerten. Opfer sein und T\u00e4ter schafft<\/p>\n<p><img decoding=\"async\" loading=\"lazy\" style=\"margin: 5px;\" src=\"http:\/\/integrale-szene.de\/wordpress\/wp-content\/gallery\/healing-event-berlin\/seelenhaut-healing.jpg\" alt=\"seelenhaut-healing\" width=\"400\" height=\"625\" align=\"left\" \/><\/p>\n<p>Gro\u00dfes Ansinnen und fragw\u00fcrdige Umsetzung, ber\u00fchrende Augenblicke geteilter Achtsamkeit, vieldeutiger und herausfordernder Perspektivwechsel, ersch\u00fctternde Tiefe und abdriften in die Schlichtheit eigener Weltversuchung.<\/p>\n<p><em>Alles ist Heil im Geheimnis und lebt aus der Erinnerung und aus Vergessenheit graut der Tod nelly sachs<\/em><\/p>\n<p>Andrew Cohens Beitrag m\u00fcndete in der Aussage das das j\u00fcdische tendentiell festh\u00e4lt an dem Opfersein, daraus Identit\u00e4t bezieht und so selbstverhindernd wirken kann. Seine Reflexionen zu Erinnerungen seiner deutschen\u00a0 Sch\u00fcler und deren Familien, mit demVersuch ihre Geschichte zu erinnern, eine Kontinuit\u00e4t zu wahren, wozu geh\u00f6rte auch die Nazizeit einzubeziehen, klang in seiner Darstellung zynisch. Die Br\u00fcchigkeit miteinander verflochtener Geschichten, indem Unvorstellbares passierte , die Banalit\u00e4t des B\u00f6sen ( Hannah Arendt) ist nur von der Mitte der Menschlichkeit her zu halten. Zu gro\u00df die Versuchung den devil, das teuflische im anderen, dem Deutschen, aufgebahrt zu wissen. Der Freibrief der heldenhaften Amerikaner, der leichtsinnigen und wohlmeinenden Weltverbesserer, denen wir anhand ihrer Vietnamveteranen, die nach Hause kamen und mordeten, nicht mehr sozialsierbar waren, verdanken das es Traumarbeit gibt. Das wir begreifen das eine menschliche Seele, ein Ich, ein Geist fragil ist, zerbrechen kann und in einzelnen Anteilen herumirrt. Was ist mit den Indianern in diesem Land, wieviel passiert um die Massaker zu integrieren und die W\u00fcrde dieser Ureinwohner wiederherzustellen?\u00a0 Einmal mehr den Eindruck von Andrew Cohen einen Mephistoles vor sich zu haben. Ringend im Geiste Wilbers als Faust\u00a0 um die Tiefe und dennoch seltsam menschenfern\u00a0 in einem Auditorium von f\u00fchlenden und handelnden Menschen, die zusammengekommen sind um zu gedenken. Der Golem und der dunkle Aspekt der Stammesseele ( campenhout) f\u00e4llt mir ein und\u00a0 Rabbi L\u00f6w. Die Frage inwieweit seine Arbeit, vom Geist des Judentums durchdrungen ist. Die<\/p>\n<p><em>Golem Tod! Niemand aber vermag dich zu heben aus der Zeit hinaus &#8211; denn   Gebot ist dein Rauschblut und dein eisen\u00fcmschn\u00fcrter Leib zerf\u00e4llt mit   allem Kehrricht wieder in den Beginn.<\/em><\/p>\n<p><img decoding=\"async\" loading=\"lazy\" style=\"margin: 5px;\" src=\"http:\/\/integrale-szene.de\/wordpress\/wp-content\/gallery\/healing-event-berlin\/golem-healing.jpg\" alt=\"golem-healing\" width=\"400\" height=\"587\" align=\"left\"\/><\/p>\n<p><em>Vielleicht braucht Gott die Sehnsucht, wo sollte sonst sie auch bleiben. Sie, die mit K\u00fcssen und Tr\u00e4nen und Seufzern f\u00fcllt die geheimnisvollen  R\u00e4ume der Luft &#8211; vielleicht ist sie das unsichtbare Erdreich , daraus  die gl\u00fchenden Wurzeln der Sterne treiben- und die Strahlenstimme \u00fcber  die Felder der Trennung, die zum Wiedersehn ruft?\u00a0 Nelly Sachs<\/em><\/p>\n<p>Eindr\u00fccklich war Herr Wieland. Ein vom Krieg in sich zur\u00fcckgeworfene Gestalt, die aus der Dunkelheit leuchtend mit gel\u00e4uterter Kraft von dem Aufbruch, der Sehnsucht, der Zerbrochenheit und dem Menschenjungen Adolf Hitler erz\u00e4hlte. Pl\u00f6tzlich ist er da der\u00a0 kleine Junge mit dem schweren Schicksal, geschlagen, vom Vater herbeigepfiffen wie ein Hund, namenlos, Halbjude, ungesch\u00fctzt von der Mutter, ausgeliefert an die Brutalit\u00e4t einer Autorit\u00e4t ohne Herz und Verstand. Alice Miller und ihre wertvolle Untersuchung zur Biographie Hitlers, eine die nach Verstehen in der Ausweglosigkeit gesucht hat. Aus einer gro\u00dfen Stille gesammelten H\u00f6rens nach Innen entstanden Inseln aus Wortgebinden, die mich unmittelbar in die Zeitlosigkeit gelebter Erinnerung versetzten. Seine erste Begegnung mit Adolf Hitler als strahlender Lichtgestalt, von der er in Ehrfurcht gebannt still stand, w\u00e4hrend seine Mitsch\u00fcler alle Sperren der Polizei \u00fcberspringend zu ihm hin eilten, ihn ber\u00fchren wollten. Der Zwiespalt des Ergriffenseins und nicht wissen von was, das \u00dcbermenschliche sp\u00fcrend, eine Erfahrung von Ewigkeit. Charisma, Engel der Dunkelheit ( Hans Jecklin) der flash back ineigene Aufstellungsarbeiten und darin die Ber\u00fchrung mit dem Numinosen. Was war diese Aura, was der Auftrag, was diese Begeisterung ,Vertrauen, Hingabe entz\u00fcndende?<\/p>\n<p><em>Und alle entgleisten Sterne finden mit ihrem tiefsten Fall immer zur\u00fcck  in das ewige Haus. Nelly Sachs<\/em><\/p>\n<p>Wenig sp\u00e4ter die letzten Worte von Stauffenberg &#8211; Es lebe das heilige Deutschland &#8211; vor seiner Hinrichtung nach dem mi\u00dflungenen Attentat. Eine Dimension tat sich auf. Ein Mann des Widerstandes, der die Gefahr die von diesem Menschen ausging deutlich erkannt hat. Was meint er mit dem heiligen Deutschland?? Die Poesie, die andachtsvolle Verehrung der Natur, der Landschaft, der Stimmung des Mutterlandes sp\u00fcrbar &#8211; dann die Verr\u00fcckung ins Vaterland der lodernde Wahn- beides uneins, Zwiespalt. Von wo aus dieses Heimatgef\u00fchl bejahen k\u00f6nnen, das Vertriebensein aushalten, das Grauen ertragen. Die ersch\u00fctternde Sch\u00f6nheit der Landschaft und der ausgespannten Himmel rufen Erinnerungen wach an die Versammlungen in dieser Zeit an idyllischen Orten, mystische Erfahrungen hervorrufend, ein Ankn\u00fcpfen an alten Symbolen und den dazugeh\u00f6renden Welten. Daan van Kampenhout, ein Aufsteller hat in seiner Nachkriegsarbeit festgestellt das die germanische G\u00f6tterwelt aufschlussreiche Bilder enth\u00e4lt, was die Verz\u00fcckung, die Fr\u00f6mmigkeit, den daraus erwachsenden Gehorsam, ja H\u00f6rigkeit , erkl\u00e4rt. Baldur und Nanna, das arische Urpaar, das pervertiert zu Zuchtzwecken kopuliert, Thor der Blitzeschleuderer, der Donnergott, Wotan ,der f\u00fcr Krieg steht und zugleich mystischer Seher ist, Loki der Trickster. Feuer und Eis als Urkr\u00e4fte der nordisch germanischen Kultur wiedergespiegelt in den brennenden KZs und dem Ru\u00dflandfeldzug. Die Sprache der Runen, die Swastika<\/p>\n<p>&#8222;<em>Bei den Sternen steht was wir schw\u00f6ren, wer die Sterne lenkt der wird uns h\u00f6ren. Die Fahne halten wir im Sturm des gro\u00dfen Geistes \u00fcber Todes walten hin zur Unsterblichkeit. Statt das uns einer die Krone klaut, fallen wir lieber Haupt an Haupt &#8220; <\/em>mit diesem Zitat Wielands war er im Raum der Soldat, der Held, der Sieger. Der Mann der auszog zur Verteidigung, zur Eroberung, der Uniformierte &#8211; was h\u00e4tte ich getan als Mann, als Frau, als Kind. Ja es war lebensgef\u00e4hrlich sich gegen den Strom zu stellen. Der Terror vereinfacht, bist du nicht f\u00fcr die Sache bist du nicht lebenswert. Die permanente Angst vor sich, den anderen &#8211; Filmauschnitte fallen mir ein, hautnah der Verrat, die Zerspaltung des Menschenhirns &#8211; bombadiert von Worten, Aufm\u00e4rschen zerbricht das F\u00fchlen , ausgeh\u00f6hlt von Hunger, Vergewaltigung,Flucht, Lagern. So fern und doch im Blut dem weitergegebenen Leben so nah.<\/p>\n<p>Ein sicher wertvolles Unterfangen in einer Art Mysterienspiel die Besetzung mit realen Personen dieser Zeit zu inszenieren &#8211; wer repr\u00e4sentiert wen? Tieferes Verstehen in Aussicht gestellt.<\/p>\n<p>Etwas was mir deutlich fehlte in der ganzen Veranstaltung war die Einbindung des K\u00f6rpers, des eigenen und des kollektiven. Auf der Trib\u00fcne sitzend, impulsiert, konfrontiert, inspiriert und dennoch au\u00dfen vorgelassen.<\/p>\n<p style=\"text-align: right;\"><em><br \/>\n<\/em><\/p>\n<p><em>Die Tr\u00e4ne verschl\u00e4ft ihre Sehnsucht zu flie\u00dfen, aber die Liebe ist alle Umwege zu Ende gegangenund ruht in ihrem Beginn<\/em><\/p>\n<p><em>Oh solcher Tod. Wo alle helfenden Engel mit blutenden Schwingen  zerrissen im Stacheldraht der Zeit hingen.<\/em><\/p>\n<p><em>Denn von Gestalt zu Gestalt weint sich der Engel im Menschen tiefer  ins Licht Nelly Sachs<\/em><\/p>\n<p><img decoding=\"async\" loading=\"lazy\" style=\"margin: 5px;\" src=\"http:\/\/integrale-szene.de\/wordpress\/wp-content\/gallery\/healing-event-berlin\/engelsblick-healing.jpg\" alt=\"engelsblick-healing\" width=\"400\" height=\"632\" align=\"left\"\/><\/p>\n<p>Unmerklich tauchen in zwischen den Wortgespinsten und Wortgeschwadern die Gefl\u00fcgelten auf. Der Jesusmord in unfassbarer Apokalypse. Hannah Arendt und die Frage der Unschuld &#8211; es gibt kein Verbrechen das den Tod in einer Gaskammer verdient. Das Gewissen, die Frage der Zugeh\u00f6rigkeit. Erinnert sich die kollektive Seele an die Verlorenen? Wie trennt sie sich von denen die gegen die W\u00fcrde des gemeinsamen Menschseins verstossenhaben? Fern die Weisheit, nah die Engel. JedeR\/m Tote\/n zur Seite gestellt, Schutzengel, Todesengel, daimon und D\u00e4mon, Lichtgestalt und Nachtschrat &#8211; soviele zerrissene Lebensleiber, zerbrochene Seelen davongetragen von schwingenden Feldern in ein Bardo, ein Totenreich.Wir hier Nachkommen leben auf der Schwelle,\u00a0 je nach Generation mit Erl\u00f6sung betraut. Verbeugen k\u00f6nnen vor den Schicksalsm\u00e4chten, vergeben k\u00f6nnen als \u00dcberlebende, vergessen k\u00f6nnen als Heilende, vertrauen k\u00f6nnen als Wachende. Auf die 900 Anwesenden kommen wieviel Tote pro Kopf? Wieviel Engel braucht ein Mensch um Atem sch\u00f6pfen zu k\u00f6nnen?<\/p>\n<p>Frau Holle f\u00e4llt mir ein und die Hebammen, die Klageweiber, die Trauerriten. Hier ist es so n\u00fcchtern, kein Weh, kein Ach, kein Schmerz dringt durch das Gest\u00f6ber der Vergangenheit. Abgekl\u00e4rt<\/p>\n<p><strong> Der Brunnen,Quell der Weisheit,\u00a0 ein Sophienmotiv, fr\u00fcher als ein heiliger, heilsamer Ort \u00a0verehrt an dem sich das Leben abspielt, der Grenzbereich zwischen\u00a0 Erde und Unterwelt<\/strong><\/p>\n<p>H\u00fcterin der\u00a0 Tiefe des Brunnes ist <strong>Frau Holle.<\/strong> Jede\u00a0 Frau hat das Potential zur Gold- und Pechmarie. Ist eingeladen, die mit, die ohne Mutter, sich\u00a0 hineinfallen zu\u00a0 lassen, trotz Herzensangst, \u00a0einen Reifungsprozess zu durchlaufen. Aufgaben zu erkennen zu l\u00f6sen, eine Zeit der Abgeschiedenheit durchleben, nach innen zu gelangen. Eine Jenseitsreise antreten, mitten im Leben, dem Ursprung entgegen, Gef\u00fchlschaos im Unbewussten aushalten lernen, daraus mit Kreativit\u00e4t und Agape sich in\u00a0 die Kultur des Diesseits tanzen. Dadurch die Gabe der Weissagung zu erlangen. Nach dem Glauben der Germanen besitzt jede Frau die Gabe der  Prophetie \u2013die frau,\u00a0 frouwa ,Freyja kann im Namen der G\u00f6ttin sprechen.<\/p>\n<p>Jenseits dieser Bewusstseinsschwelle des kollektiven Unbewussten finden sich\u00a0 R\u00e4ume, die sich erschlie\u00dfen lassen, die Brunnenfahrt wird zum Wiedergeburtserlebnis \u2013 zum geb\u00e4ren des eigenen\u00a0 Willens zu sehen, zu gestalten auf der oberirdischen Welt zu leben, vergoldet. Die Seele vollendet ihre Alchemie im Schmiedeprozess der Individualisierung. Ganz das Gegenteil der Vermassung durch das Flachland, die Materialisierung ohne Sinnlichkeit.<\/p>\n<p><strong>G\u00f6ttin der Geburten <\/strong><\/p>\n<p>Holla, als G\u00f6ttin der  Geburten verehrt, zu ihr, der Wasserfrau kehren die Toten heim. Das Totenreich wird erst im 13 Jahrhundert zu einem Qualvollen Ort der hel. Vorher war er gebunden an das Vertrauen der Wiedergeburt der Verbundenheit der Ahnen\/Innen\u00a0 ein Zwischenreich, keine Endl\u00f6sung. Mir fehlt diese Frau Holle, die Schnee\u00a0 sachte rieseln l\u00e4sst , ich w\u00fcnsche mir das das Mama, Mutter\u00a0 auf den eisigen Schlachtfelder als letztes Wort sie herbeigerufen hat<\/p>\n<p>Wir leben mit dem Hades, der Unterwelt, in dem Pluto herrscht, ein Reich voller Schattenrisse, ein Nichts , ein Chaos. Den greisen G\u00f6ttinen Erinyes, auch Furien, Maniai, die Rasenden genannt. Alekto &#8211; die Unaufh\u00f6rliche, Tisiphobe &#8211; die Vergeltung, Megaira- neidischer Zorn. T\u00f6cher der Nys, der Nacht und der Dunkelheit, des Skotos. Thanatos der Tod &#8211; denke mal wieder an Ken in seinem Atman Buch- der Todestrieb. Die Lust am T\u00f6ten, am schauen. Der Flu\u00df\u00a0 Styx, nicht der Brunnen herrschen hier. Wo ist er der Charon, der f\u00fcr seine \u00dcberfahrt Geld will? In dieser H\u00f6lle ist die Dunkelheit furchterregende Tiefe, ohne R\u00fcckkehr ohne Hoffnung.<\/p>\n<p><img decoding=\"async\" loading=\"lazy\" style=\"margin: 5px;\" src=\"http:\/\/integrale-szene.de\/wordpress\/wp-content\/gallery\/healing-event-berlin\/frau-holle-healing.jpg\" alt=\"frau-holle-healing\" width=\"400\" height=\"530\" align=\"left\"\/><br \/>\nIch erinnere mich an die tote Frau auf die ich gestern so unerwartet getroffen bin &#8211; Statt sie zu behandeln, mit ihr die Aufrechte, das Gehen zu \u00fcben stand ich da ausgebreitet in unserer gemeinsamen Lebenspanne um Abschied zu nehmen. Die ungeheuere Energie die sich im Raum kondensierte, der erkaltende Leib mit dem gegl\u00e4tteten Gesicht, w\u00e4chsern und geschlossen die Lider. Das nach innen gewendete &#8211; des Schlafes Bruder.\u00a0 All die Wesen denen niemand die Augen schloss, die starren in die Unmenschlichkeit, wieviele Bilder bev\u00f6lkern die Leinwand der Gemordeteten. Wer vollendet ihr Sehen?<br \/>\n<img decoding=\"async\" src=\"http:\/\/integrale-szene.de\/wordpress\/wp-content\/gallery\/healing-event-berlin\/eule-healing.jpg\" alt=\"eule-healing\" align=\"right\"\/><br \/>\n<em>Engel der Bittenden &#8211; auf des Todes wei\u00dfem Boden, der nichts mehr  tr\u00e4gt, w\u00e4chst der inVerzweiflung gepflanzte Wald. Wald aus Armen mit der  H\u00e4nde Gezweig, eingekrallt in die Feste der Nacht, in den  Sternenmantel. Oder den Tod pfl\u00fcgend , ihn, der das Leben bewahrt.<\/em><\/p>\n<p>Der Lebensbaum &#8211; die Kabbalah &#8211; mit den zwei S\u00e4ulen des m\u00e4nnlich und weiblichen, die Sephiroth, die verdichtete Symbolik versinnbildlichen eine Weisheit die einzubringen lichtend sein k\u00f6nnte.<\/p>\n<p>Wie l\u00e4sst sich diese komplexe Struktur f\u00fcr uns zug\u00e4nglich machen, welch Ressourcen bietet sie, welche verborgenen Geheimnisse helfen uns den Weg des Werdens zu entschl\u00fcsseln?<\/p>\n<p><em>Engel auf den Urgefilden wieviel Martermeilen mu\u00df die Sehnsucht zur\u00fcck zu eurem Segensraum durcheilen.<\/em><\/p>\n<p>Sarah &#8211; dir Urmutter, das Weltenfeuer, al lath, ruhen im Meer der Zeit &#8211; abtauchen. In den Armen einer alten Frau zur\u00fcck in die Unschuld des Kindes, eines Christkindes. Dank an Daan van Kampenhout f\u00fcr das Teilen seiner Einsichten im Buch <span style=\"text-decoration: underline;\">Die Tr\u00e4nen der Ahnen &#8211; Opfer und T\u00e4ter in der kollektiven Seele.<\/span><\/p>\n<p>wenn du deine Tr\u00e4nenquellen zusch\u00fcttest,werden deine Gef\u00fchle verdursten.<\/p>\n<p>Dank an <span style=\"text-decoration: underline;\">Jorgo Canacakis f\u00fcr das Buch &#8211; Ich sehe deine Tr\u00e4nen <\/span><\/p>\n<p><em>Hiob wo du stehst ist der Nabel der Schmerzen, deine Stimme ist stumm  geworden , denn sie hat zuviel Warum gefragt.<\/em><\/p>\n<p><em>Die Orte des Sterbens sind in meinem Schlaf erwacht<\/em><\/p>\n<p><img decoding=\"async\" loading=\"lazy\" style=\"margin: 5px;\" src=\"http:\/\/integrale-szene.de\/wordpress\/wp-content\/gallery\/healing-event-berlin\/herzweh-healing.jpg\" alt=\"herzweh-healing\" width=\"400\" height=\"593\" align=\"left\"\/><\/p>\n<p><em>Wenn die Propheten hereinbr\u00e4chen durch T\u00fcren der Nacht, den  Tierkreis  der D\u00e4moneng\u00f6tter wie einen schauerlichen Blumenkranz ums  Haupt gewunden  &#8211; die Geheimnisse der st\u00fcrzenden und sich hebenden Himel  mit den  Schultern wiegend , mit ihren Worten Wunden rei\u00dfend in die  Felder der  Gewohnheit ein weit entlegenes hereinholend Wenn die  Propheten  aufst\u00e4nden in der Nacht der Menschheit wie Liebende, die das  Herz des  Geliebten suchen, Nacht der Menschheit w\u00fcrdest du ein Herz zu  vergeben  haben?<\/em><\/p>\n<p>Die Verbindung mit den Menschen in Israel war wesentlich. Du brauchst 5 Menschen um die Welt zu ver\u00e4ndern, wir waren schon eine Art Hochpotenz. Von dort sprach eine Stimme, Efrat sa &#8211; Shalom, geistesverwandt und traute sich in den Garten der Geisteskr\u00e4fte zur\u00fcck. Zwischen all der Zerst\u00f6rung auf die Bl\u00fcten hinzuweisen, die es im Gedankengut der Deutschen gibt. Sie erinnerte an Literatur, Musik, Philosophie und den Wert den Bildung &#8211; Geistes und Herzensbildung\u00a0 in der Tradition der Juden hat. In Erinnerung an ihre Familie, deren Namen mitzuteilen so wichtig war, schwang die tiefe Verbundenheit mit, das Verflochtensein in Wohl und Weh. Untrennbar und darin so schmerzhaft. Ist Heilung nicht auch einen heiligen Ort im Inneren bewahren wo das Gute keimen kann, wo es bewahrt ist vor der Verzehrung durch die Angst der Seele? Von dort aus zu sprechen hei\u00dft in der Asche zu stehen. Das Gebet von Schlom war eine Geste der Einladung in eine Tiefe, die dem Land des lebendigen Wassers angeh\u00f6rt. Endlich waren sie da die Tr\u00e4nen.<\/p>\n<p>Die Tr\u00e4ne &#8211; sie hat vier Geschwister- Die Trauer , den Verlust, den Schmerz, die Wut. Wenn du das Flie\u00dfen nach innen richtest wird Dein Herz belastet werden. Tr\u00e4nen geh\u00f6ren nach au\u00dfen, nicht ins Herz. Sein chant, sein Lied, das hebr\u00e4ische bringt das menschliche zur\u00fcck. Vor dem trennenden Wort war der verbindende Klang.<\/p>\n<p><em>Dorothee S\u00f6lle<\/em><\/p>\n<p><em>Gib mir die Gabe der Tr\u00e4nen Gott gib mir die Gabe der Sprache &#8211; f\u00fchr mich aus dem L\u00fcgenhaus wasch meine Erziehung ab befreie mich von meiner Mutter Tochter nimm meinen Schutzwall ein schleif meine intelligente Burg gib mir die Gabe der Tr\u00e4nen Gott gib mir die Gabe der Sprache reinige mich vom verschweigen gib mir die W\u00f6rter den neben mir zu erreichen wie kann ich reden wenn ich vergessen habe wie man weint? mach mich na\u00df versteck mich nicht mehr zerschlage meinen Hochmut mach mich einfach lass mich Wasser sein das man trinken kann wie kann ich reden wenn meine Tr\u00e4nen nur f\u00fcr mich sind nimm mir das private Eigentum und den Wunsch danach gib und ich lerne geben gib mir die Gabe der Tr\u00e4nen Gott gib mir die Gabe der Sprache gib mir das Wasser des Lebens<\/em><\/p>\n<p><img decoding=\"async\" src=\"http:\/\/integrale-szene.de\/wordpress\/wp-content\/gallery\/healing-event-berlin\/schattenhand-healing.jpg\" alt=\"schattenhand-healing\" align=\"left\"\/><\/p>\n<p><em>Durch die schwarzen Falten der Nacht blicken  sie hindurch.Und das  Geheimnis fl\u00fcstert hinter diesem Spalt , wirf es  ins Feuer\u00a0 Licht wird  nicht verwaisen und Asche schl\u00e4ft sich neu zu  Sterngestalt. Nelly Sachs<\/em><\/p>\n<p><img decoding=\"async\" src=\"http:\/\/integrale-szene.de\/wordpress\/wp-content\/gallery\/healing-event-berlin\/sophia-healing.jpg\" alt=\"sophia-healing\" align=\"right\"\/><em>Zahlen &#8211; als eure Formen zu Asche versanken in die Nachtmeere, wo Ewigkeit der Gezeiten Leben und Tod sp\u00fclt &#8211; erhoben sich Zahlen, erhoben sich Meteore aus Zahlen gerufen in die R\u00e4ume darin Lichterjahre wie Pfeile sich strecken und die Planeten aus den magischen Stoffe des Schmerzes geboren. Zahlen &#8211; mit ihren Wurzeln aus M\u00f6rdergehirnen gezogen und schon eingerechnet in des himmlischen Kreislaufs blauge\u00e4derter Bahn.<\/em><\/p>\n<p><em>Der Verlassene aber, wirft seine Sehnsucht in die Leere &#8211; Samen f\u00fcr eine neue Welt<\/em><\/p>\n<p><em>Wir M\u00fctter wiegen in das Herz der Welt die Friedensmelodie<\/em><\/p>\n<p>Neugeborene werden aus Brunnen gesch\u00f6pft<\/p>\n<p>Am zweiten Tag der Integration in einem Dialog mit Barbara waren sie dann da all die Kinder, all die mutigen Seelen, all die Unschuldigen. Das innerste im Herzen Gottes &#8211; wie es in der Mystik von Marguerite Porete und Meister Eckhart beschrieben ist.<\/p>\n<p>Was f\u00fcr eine Mystik entsteht aus verbrannter Erde, veraschter Menschen? Mir kommen die Sterbephasen in den Sinn &#8211; Dank an Rosina Sonnenschmidt f\u00fcr das Buch &#8211; Exkarnation der gro\u00dfe Wandel. Verkn\u00fcpft mit dem Bardo Th\u00f6dol, dem Buch vom Sterben, Einsichten von Rudolph Steiner zum Sterben und wie wir als Miterlebende, Weiterlebende diesen Prozess begleiten k\u00f6nnen.<\/p>\n<p>Begreifen wir das Diesseitige vom Jenseitigen aus.<\/p>\n<p>Die \u00c4hnlichkeit der subtilen Wahrnehmungen in den Wandlungsphasen weist erstaunliche Parallelen zu Meditationpraktiken auf. Das Feuer spielt die zentrale Rolle in der dritten Wandlungsphase. Das Wasser geht in das Feuer ein, Energiek\u00f6rper und\u00a0 physischer K\u00f6rper halten sich die Waage.\u00a0 Zu erleben als Pulsation, als wehende Wellen, ein letztes Aufbl\u00fchen, das sogenannte Lazarusph\u00e4nomen. Ein Freisetzen dieser Energie hat bei einigen so wohl auch bei Eva Mozes Kor sich als radikaler \u00dcberlebenswille freigesetzt. Physisch werden die Reserven verbrannt vor der n\u00e4chsten Phase der Aufl\u00f6sung zur Veraschung. Wahnsinnigerweise ist die Phase begleitet im normalen Prozess mit einem Verweigern von Nahrung, die Depots werden nicht mehr aufgef\u00fcllt, der K\u00f6rper verwertet die letzten Fett und Eiweissdepots, totale Erssch\u00f6pfung. In den KZ wurde die Phase simuliert, arbeitstechnisch ausgebeutet. Paradoxerweise werden dadurch oft erstaunliche Kr\u00e4fte mobilisiert. Im nat\u00fcrlichen Sterben kommt es zu Aufb\u00e4umen, Konvulsionen und Schreien &#8211; was sicher auch zum Lageralltag geh\u00f6rt hat.\u00a0 Die Augen ver\u00e4ndern sich &#8211; auffallend gl\u00e4nzend, wirken wie wenn sie in eine andere Dimension schauen. Wer tr\u00e4gt nicht in sich die Bilder von den ausgemergelten Gestalten hinter den Z\u00e4unen mit den tiefen, stillen Blicken. Hellsichtige Ph\u00e4nomene dieser Phase sind Engel sehen, k\u00f6rperlose Wesen, Geister, Personen, Visionen. Bemerkenswert , wenn an die religi\u00f6sen Zeugnisse gedacht wird wie die von Bonhoeffer. In ihrer Arbeit hat Rosina Sonnenschmidt entdeckt das Holzasche als hom\u00f6opathisches Mittel hilft den aussichtlsoes Kampf gegen etwas Unsichtbares, Unfassbares aufzugeben. Als Baumessenz empfiehlt sie die Erle, die zur unterirdischen Mutter geh\u00f6rt, die \u00fcber die neun R\u00e4ume der Welt herrscht.\u00a0 Auch sie ,wenn der Brunnen, Frau Holle, ein Grenzbaum zwischen Diesseits und Jenseits. Die Erle f\u00fchrt hin zur zeitlosen Erinnerung , zur Ebene der parapsychologischen Erscheinungen. Passt f\u00fcr den dem alles sinnlos geworden ist, der jede M\u00fche f\u00fcr vergeblich h\u00e4lt. Die Einbildungskraft wird sehr stark &#8211; auch hier das seherische Element, hier ausgerichtet auf Erl\u00f6sung, ein sich erinnern an die Lichtebene von der Mensch herabgestiegen ist. Violettes Licht strahlt aus.<\/p>\n<p>In der n\u00e4chsten Wandlungsphase geht Feuer in die Luft ein. Nun beginnt die Umst\u00fclpung, die Farbe gr\u00fcn &#8211; viridatis, die Farbe Hildegards von Bingen,\u00a0 f\u00fchrt. Wahrnehmbar ist eine gesteigerte Ausdehnung des Energiefeldes, eine vibrierende Energie des elektromagnetischen Feldes. Der K\u00f6rper schrumpft, die Meridianenergie versickert, allm\u00e4hlich verl\u00f6scht das Lebenslicht.\u00a0 Ein Verebben des inneren Atems.\u00a0 Ist es nicht ersch\u00fcternd das \u00fcber die Atmung, das Gas, das innere Feuer gel\u00f6scht wurde? Farbige Wolkenschleier tauchen auf.Wer kennt dieses Ph\u00e4nomen aus der Mediation, aus der\u00a0 tiefen Ekstase im Lieben? Im Sterben tauchen sch\u00f6ne Kl\u00e4nge auf, Klangschalen, geistliche Ges\u00e4nge, Glockengel\u00e4ut, Mantren. Es ist m\u00f6glich in weit entfernte R\u00e4ume zu sehen, in tranceartige Zust\u00e4nde zu kommen. Ein dunkles ,leuchtendes Gesicht erscheint, Augen von heiligen Wesen, von Geistf\u00fchren. Die Zeit dehnt sich, wird Ewigkeit, das Freisein im leeren Raum erlebbar.<\/p>\n<p>In der letzten Phase geht die Luft in \u00c4ther ein, die Implosion der Elemente in der Quintessenz, aus der sie stammen, im Prana, im Qi , der Lebensenergie, die alle Elemente durchdringt.\u00a0 Wenn wundert das hier wieder Holla auftaucht, die Holunderessenz, die Himmel und Erde zusammenbringt, Seele und K\u00f6rper. Eins sein mit dem Kosmos, den Zustand der Selbstvergessenheit, die innere Stimme unserer Seele spricht. Die jenseitige Welt ist nicht au\u00dferhalb der unserigen, sie ist mitten unter uns, nur auf einer h\u00f6heren Schwingungsebene.<\/p>\n<p><img decoding=\"async\" src=\"http:\/\/integrale-szene.de\/wordpress\/wp-content\/gallery\/healing-event-berlin\/brunnen-lebendige-healing.jpg\" alt=\"brunnen-lebendige-healing\" align=\"left\"\/><\/p>\n<p><em>Immer dort wo Kinder sterben werden Stein und Stern und soviele Tr\u00e4ume heimatlos\u00a0(Nelly  Sachs)<\/em><\/p>\n<p>Das Bild einer Plazenta taucht auf, die Verpuppten, die am Strom des lebendigen Blutes der Menschheit angebunden sind, deren Seelenh\u00e4ute sich sch\u00fctzend um das werdende Anglitz legen und die, die dem heiligen Tod geh\u00f6ren. In einem Erdm\u00f6bel &#8211; einem Sarg- zusammengew\u00fcrfelt. Ohne Seele ist der K\u00f6rper leblos. Klimts Bild kommt mir in den Sinn. Der Tod, selbstversunken links und rechts der Turm der ineinander verwobenen Frauen, des Mannes, die im Lebenstraum eingesponnen sind, sch\u00f6n, selbstversunken, tr\u00e4umend. Werden wir wirklich wach ohne das Bewusstsein unserer\u00a0 Endlichkeit?<\/p>\n<p><img decoding=\"async\" loading=\"lazy\" style=\"margin: 5px;\" src=\"http:\/\/integrale-szene.de\/wordpress\/wp-content\/gallery\/healing-event-berlin\/plazenta-healing.jpg\" alt=\"plazenta-healing\" width=\"400\" height=\"510\" align=\"left\"\/><\/p>\n<p><em>Wie im Mutterleibe das Ungeborene mit dem Urlicht auf dem Haupte randlos sieht von Stern zu Stern so flie\u00dft Ende zum Anfang wie ein Schwanenschrei nelly sachs<br \/>\n<\/em><\/p>\n<p><em>Das Gef\u00fchl als ob in mir eine Ermordete w\u00e4re, eine vor meiner Geburt  ermordete Sally Becket<\/em><\/p>\n<p>Wir als Erben, Erbinnen jedes Toten in der Menschheit leben auf, wenn wir das Traumreich als unsere gemeinsame Heimatstatt sehen k\u00f6nnen. In unserem rastlosen Besch\u00e4ftigtsein im irdischen\u00a0 ist es wesentlich auszuspannen, sich auszudehnen in jene subtilen R\u00e4ume schwingender Erinnerungen, die zeitlose Essenz sind. Die hier und dort in Wort, Bild, Gesang aufkeimt.<\/p>\n<p><em>oh du weinendes Herz der Welt,  zweisp\u00e4ltiges Samenkorn aus Leben und   Tod. von dir wollte Gott gefunden  werden. Keimblatt der Liebe.<\/em><\/p>\n<p><img decoding=\"async\" src=\"http:\/\/integrale-szene.de\/wordpress\/wp-content\/gallery\/healing-event-berlin\/keimzonen-healing.jpg\" alt=\"keimzonen-healing\" align=\"left\"\/><\/p>\n<p><em>Oh du &#8211; aus dessen ahnemdem Blut sich das Schmetterlingswort Seele  entpuppte, der auffliegende Wegweiser ins Ungesichterte hin\u00a0 Nelly Sachs<\/em><\/p>\n<p><img decoding=\"async\" src=\"http:\/\/integrale-szene.de\/wordpress\/wp-content\/gallery\/healing-event-berlin\/schmetterling-healing.jpg\" alt=\"schmetterling-healing\" align=\"right\"\/><\/p>\n<p><em>Schmetterling ! Welch sch\u00f6nes Jenseits ist in deinen Staub gemalt, durch den Flammenkern der Erde, durch ihre steinerne Schale wurdest du gereicht, Abschiedswebe in der Verg\u00e4nglichkeiten Ma\u00df. Schmetterling aller Wesen gute Nacht. Die Gewichte von Leben und Tod senken sich mit deinen Fl\u00fcgeln auf die Rose nieder, die mit dem heimw\u00e4rts reifenden Licht welkt. Welch sch\u00f6nes Jenseits ist in deinen Staub gemalt. Welch K\u00f6nigszeichen im Geheimnis der Luft.<\/em><\/p>\n<p><em>Nicht Kampflieder will ich euch singen, Geliebte nur das Blut stillen und die Tr\u00e4nen , die in Totenkammern gefrorenen auftauen. Und die verlorenen Erinnerungen suchen die durch die Erde weissagend duften und auf dem Stein schlafen darin die Beete der Tr\u00e4ume wurzeln und die Heimwehleiter die den Tod \u00fcbersteigt.<\/em><br \/>\nDann war er da auf diesem ruhenden Wesen, das nach vor und hinter sich schauen kann, in sich Leben sch\u00f6pft im Atem der Zeit. Diese bewusste Sterben durch die Fontanelle, der Stacheldraht des Schweigens der einer Rose der Erkenntnis und Liebe zum Halt wird.<\/p>\n<p>Kraft der Vergebung &#8211;\u00a0 Eva Mozes Kor &#8211; die mitten in der Freiheit, der Wahl steht und Individualit\u00e4t verk\u00f6rpernd auf eine andere Art der Verbundenheit hinweist, die des freien Willens zur Mitmenschlichkeit, den inneren Raum l\u00e4utern, freigeben f\u00fcr die Zukunft.<\/p>\n<p><img decoding=\"async\" loading=\"lazy\" style=\"margin: 5px;\" src=\"http:\/\/integrale-szene.de\/wordpress\/wp-content\/gallery\/healing-event-berlin\/vergebung-healing.jpg\" alt=\"vergebung-healing\" width=\"400\" height=\"515\" align=\"left\"\/><\/p>\n<p>Wunderbar war der Abend mit Assaf Amdeesky und der F\u00fclle an Leidenschaft, Wehmut, Hoffnung, groove und Lebenslust. Musik die zu Herzen geht, gebettet in eine Sprache, das hebr\u00e4ische was so tief im Kehlraum klingt.<\/p>\n<p><em>Danke an all die die mit ihrem Wachsein, Lieben, ihrer G\u00fcte, ihrer Sehnsucht nach Menschlichkeit mit dabei waren.<\/em><\/p>\n<p><em>Nach meinem Besuch im j\u00fcdischen Museum auf der R\u00fcckreise war ich begl\u00fcckt in Hannah Arendt und Nelly Sachs Antworten, Erkenntnisse und wahrendes zu entdecken.<br \/>\n<\/em><\/p>\n<p><strong>Hannah Arendt<\/strong><\/p>\n<p>Zur Schuldfrage\u00a0 Ich habe noch folgendes auf dem Herzen. Mir ist ihre Definierung der Nazi Politik als Verbrechen ( kriminelle Schuld) fraglich. Diese Verbrechen lassen sich, scheint mir, juristischen nicht mehr fassen , und das macht gerade ihre Ungeheuerlichkeit aus. F\u00fcr diese Verbrechen gibt es keine angemessene Strafe mehr. G\u00f6ring zu h\u00e4ngen ist zwar notwendig, aber v\u00f6llig in ad\u00e4quat. Das hei\u00dft , diese Schuld im Gegenstz zu aller krimnellen Schuld, \u00fcbersteigt und zerbricht alle Rechtsordnungen.\u00a0 Ebenso unmenschlich wie diese Schuld ist die Unschuld der Opfer.\u00a0\u00a0 So unschuldig wie alle\u00a0 miteinander vor dem Gasofen waren, weil kein Verbrechen eine solche Strafe verdient. Mit einer Schuld, die jenseits des Verbrechens steht und einer Unschuld, die jenseits der G\u00fcte oder der Tugend ligt, kann man menschlich &#8211; politisch \u00fcberhaupt nichts anfangen.\u00a0 Dies ist der Abgrund, der sich vor uns schon 1933 \u00f6ffnete, eigentlich schon fr\u00fcher mit dem Beginn der imperialistsichen Politik.<\/p>\n<p><strong>Totalitarismus Mob und Elite<\/strong><\/p>\n<p>Die Elite, die aus guten Gr\u00fcnden sich von der Gesellschaft lossagte, bevor der Zusammenbruch des Klassensystems die Massenindividuen erzeugte und der Mob, dies fr\u00fche Abfallprodukt der Herrschaft der Bourgeoisie, die zu ihr geh\u00f6rende Unterwelt, standen beide lange genug au\u00dferhalb der Gesellschaft, um die Massen verstehen und organisieren zu k\u00f6nnen.<\/p>\n<p>Die anarchische Verzweiflung , die sich in diesem Zusammenbruch der Massen des Volkes bem\u00e4chtiget, schien der revolution\u00e4ren Stimmung der Elite ebenso entgegenzukommen, wie den verbrecherischen Instinkten des Mobs.<\/p>\n<p>F\u00fcr diese Generation wurder der erste Weltkrieg zu dem gro\u00dfen Vorspiel des Zusammenbruchs der Klassen und ihre Umwandlung in Massen (\u00a0 die Erfahrung absoluter Zerst\u00f6rung bringt Dem\u00fctigung , nichts zu sein als ein kleines Rad in der gewaltigen Maschine des Massenmordes)<\/p>\n<p>Die spezifische Selbstlosigkeit des Massenmenschens erschien hier als eine Sucht nach Anonymit\u00e4t, nach reinem Funktionieren, nach Aufgehen in einem sogenannten gr\u00f6\u00dferen Ganzen &#8211; mit andern Worten f\u00fcr jegliche Verwandlung, die dazu verhelfen k\u00f6nne, die eigenen , unechte Identit\u00e4t mit bestimmten Rollen und vorgeschriebenen Funktionen in der Gesellschaft auszul\u00f6schen. Der Krieg war als die m\u00e4chtigste aller Massenreaktionen erfahren worden, in der alle pers\u00f6nlichen Unterschiede verschwanden\u00a0 so da\u00df nun selbst das Leidens , das herk\u00f6mlicherweise Menschen durch einzigartige ,unvertauschbare Schicksale voneinander unterschieden hatte, als Massenleiden das Mittel des geschichtlichen Fortschritts werden konnte. Eine Schicksalsgemeinschaft &#8211; Propaganda<\/p>\n<p>Der Versuche der totalen Herrschaft , in den Laboratorien der Konzentrationslager das \u00dcberfl\u00fcssigwerden von Menschen herauszuexperimentieren , entspricht aufs genaueste den Erfahrungen moderner Massen von ihrer eigenen \u00dcberfl\u00fcssigkeit in einer \u00fcberv\u00f6lkerten Welt und der Sinnlosigkeit dieser Welt selbst.\u00a0 Die Gesellschaft der Konzentration\u00e4re, in der t\u00e4glich und st\u00fcndlich gelehrt wird, das\u00a0 Strafe keinen Sinnzusammenhang mit einem Vergehen zu haben, das Ausbeutung niemand Profit zu bringen und da\u00df Arbeit kein Ergebnis zu zeitigen braucht, ist ein Ort, wo jede Handlung und jede menschliche Regung prinzipiell sinnlos sind, wo mit andern Worten\u00a0 Sinnlosigkeit direkt erzeugt wird.<\/p>\n<p>\u00dcber der Sinnlosigkeit thront der Suprasinn der Ideologie, die behauptet den Schl\u00fcssel zur Geschichte oder die L\u00f6sung aller R\u00e4tsel gefunden zu haben.<\/p>\n<\/div><footer class=\"entry-footer\"><\/footer><div class='post_delimiter'><\/div><\/div><div class='post_author_timeline'><\/div><span class='hidden'>\n\t\t\t\t<span class='av-structured-data'  itemprop=\"image\" itemscope=\"itemscope\" itemtype=\"https:\/\/schema.org\/ImageObject\" >\n\t\t\t\t\t\t<span itemprop='url'>http:\/\/integrale-szene.de\/wordpress\/wp-content\/uploads\/2021\/04\/logo-integrale-szene.png<\/span>\n\t\t\t\t\t\t<span itemprop='height'>0<\/span>\n\t\t\t\t\t\t<span itemprop='width'>0<\/span>\n\t\t\t\t<\/span>\n\t\t\t\t<span class='av-structured-data'  itemprop=\"publisher\" itemtype=\"https:\/\/schema.org\/Organization\" itemscope=\"itemscope\" >\n\t\t\t\t\t\t<span itemprop='name'>susanya<\/span>\n\t\t\t\t\t\t<span itemprop='logo' itemscope itemtype='https:\/\/schema.org\/ImageObject'>\n\t\t\t\t\t\t\t<span itemprop='url'>http:\/\/integrale-szene.de\/wordpress\/wp-content\/uploads\/2021\/04\/logo-integrale-szene.png<\/span>\n\t\t\t\t\t\t <\/span>\n\t\t\t\t<\/span><span class='av-structured-data'  itemprop=\"author\" itemscope=\"itemscope\" itemtype=\"https:\/\/schema.org\/Person\" ><span itemprop='name'>susanya<\/span><\/span><span class='av-structured-data'  itemprop=\"datePublished\" datetime=\"2010-05-21T09:10:45+01:00\" >2010-05-21 09:10:45<\/span><span class='av-structured-data'  itemprop=\"dateModified\" itemtype=\"https:\/\/schema.org\/dateModified\" >2010-06-10 10:44:59<\/span><span class='av-structured-data'  itemprop=\"mainEntityOfPage\" itemtype=\"https:\/\/schema.org\/mainEntityOfPage\" ><span itemprop='name'>Healing event Berlin<\/span><\/span><\/span><\/article><article class='post-entry post-entry-type-standard post-entry-249 post-loop-5 post-parity-odd single-small  post-249 post type-post status-publish format-standard hentry category-isam'  itemscope=\"itemscope\" itemtype=\"https:\/\/schema.org\/BlogPosting\" ><div class='blog-meta'><a href='http:\/\/integrale-szene.de\/wordpress\/offnung-des-willens\/' class='small-preview'  title=\"\u00d6ffnung des Willens\"   itemprop=\"image\" itemscope=\"itemscope\" itemtype=\"https:\/\/schema.org\/ImageObject\" ><span class=\"iconfont\" aria-hidden='true' data-av_icon='\ue836' data-av_iconfont='entypo-fontello'><\/span><\/a><\/div><div class='entry-content-wrapper clearfix standard-content'><header class=\"entry-content-header\"><h2 class='post-title entry-title '  itemprop=\"headline\" >\t<a href='http:\/\/integrale-szene.de\/wordpress\/offnung-des-willens\/' rel='bookmark' title='Permanenter Link zu: \u00d6ffnung des Willens'>\u00d6ffnung des Willens\t\t\t<span class='post-format-icon minor-meta'><\/span>\t<\/a><\/h2><span class='post-meta-infos'><time class='date-container minor-meta updated' >11. M\u00e4rz 2010<\/time><span class='text-sep text-sep-date'>\/<\/span><span class='comment-container minor-meta'><a href=\"http:\/\/integrale-szene.de\/wordpress\/offnung-des-willens\/#respond\" class=\"comments-link\" >0 Kommentare<\/a><\/span><span class='text-sep text-sep-comment'>\/<\/span><span class=\"blog-categories minor-meta\">in <a href=\"http:\/\/integrale-szene.de\/wordpress\/category\/isam\/\" rel=\"tag\">Isam<\/a> <\/span><span class=\"text-sep text-sep-cat\">\/<\/span><span class=\"blog-author minor-meta\">von <span class=\"entry-author-link\"  itemprop=\"author\" ><span class=\"author\"><span class=\"fn\"><a href=\"http:\/\/integrale-szene.de\/wordpress\/author\/susanya\/\" title=\"Beitr\u00e4ge von susanya\" rel=\"author\">susanya<\/a><\/span><\/span><\/span><\/span><\/span><\/header><div class=\"entry-content\"  itemprop=\"text\" ><p><strong>D<\/strong><strong>ritte Phase integraler Salon Februar unterwes zur \u00d6ffnung des Willens &#8211; <\/strong><\/p>\n<p><strong> K\u00f6nnen wir wollen? Dein Wille geschehe? Wille als spirituelle Intelligenz\u00a0 SQ?<\/strong><\/p>\n<p>\u00d6ffnung des Wollens<\/p>\n<p>SQ Das alte Ich und alte Intention loslassen, neu werden, Auferstehungsprinzip,Umst\u00fclpungs, Wandlungspkt\u00a0\u00a0\u00a0\u00a0\u00a0\u00a0\u00a0 Stimme der Angst, hindert uns daran loszulassen wer wir sind<\/p>\n<p>Ego und Gewohnheitsselbst fallen gelassen f\u00fcr Zukunftspotenzial und h\u00f6heres Selbst\u00a0\u00a0\u00a0\u00a0\u00a0\u00a0\u00a0\u00a0\u00a0\u00a0\u00a0\u00a0\u00a0\u00a0\u00a0\u00a0\u00a0\u00a0\u00a0\u00a0\u00a0\u00a0\u00a0\u00a0\u00a0\u00a0\u00a0\u00a0\u00a0\u00a0\u00a0\u00a0\u00a0\u00a0\u00a0\u00a0\u00a0\u00a0\u00a0\u00a0\u00a0\u00a0\u00a0\u00a0\u00a0\u00a0\u00a0\u00a0\u00a0\u00a0\u00a0\u00a0\u00a0\u00a0\u00a0\u00a0\u00a0\u00a0\u00a0\u00a0\u00a0\u00a0\u00a0 im Akt der Kommunikation in der Stille.<\/p>\n<p>Angst ins Unbekannte zu treten in die\u00a0 Nichtwissenszone<br \/>\nCo \u2013 inspiring \u2013 gemeinsame Willensbildung \u00a0\u00a0\u00a0 Kommen lassen<br \/>\nPresencing \u2013 sich mit der Quelle verbinden<\/p>\n<p>Frage\u00a0 Wer bin ich?\u00a0 Was ist meine Aufgabe?\u00a0 Was ist mein Ding?<br \/>\nCocreation \u2013 gemeinsame Gestaltung , Umsetzung und Handeln vom Ganzen her<br \/>\nVerschiebt die Wahrnehmung zum zuk\u00fcnftigen Ganzen hin<br \/>\nWort wurzel \u2013 Pr\u00e4senz, Essenz, pr\u00e4sent ( Geschenk)\u00a0\u00a0\u00a0 presencing<\/p>\n<p><strong><\/strong><\/p>\n<p>Der U Prozess als Gr\u00fcndeln und umst\u00fclpen am gemeinsamsten tiefsten Manifestationsort , der Erleuchtungsprozess als lichten und l\u00e4utern der Individualit\u00e4t?\u00a0 Wie h\u00e4ngen diese beiden Wege der Wandlung zusammen?<\/p>\n<p><strong>Wir runden auf ,Perspektiven auf den Willen, die Willenskraft, die Genese,die Entstehung des Willens.<\/strong><\/p>\n<p>der Begriff des freien Willens erzeugt Spannung. Gibt es denn oder sind wir konditioniert ( Hirnforschung)?\u00a0 Ist der Beobachter in uns die Instanz die das Gef\u00fchl erzeugt &#8211; wir h\u00e4tten entschieden? Eine Instanz die wertet, entscheidet und dadurch sich selbst erschafft und erh\u00e4lt?<\/p>\n<p>Mein pers\u00f6nlicher Wille als wirkliche -wirksame Erfahrung, erfahrbar als Kraft, in der Anwendung als Disziplin. Mit dem Willen kann ich Dinge erschaffen.<\/p>\n<p>Der Wille gew\u00e4hrt eine gewisse F\u00fchrung. Durch Achtsamkeit in Anwendung erschlie\u00dft sich der Weg, die Dinge kommen ins Flie\u00dfen und ich erlebe es als ein sinnvolles aufeinanderfolgen, aneinandergereihtes in Erscheinung treten.\u00a0 In der Reife bedeutet es absolute Selbstverantwortung. Ein sch\u00f6pferisches wird m\u00f6glich, ein erscheinen aus dem freien Raum , in dieser Matrix zu sein bringt mitf\u00fchlen hervor.<\/p>\n<p>Als egozentrierter Wille hei\u00dft es etwas durchsetzen mit dern notwendigen Energie. Dient der Selbstbest\u00e4tigung. Erkennen das sogenannte Entscheidungen F\u00fcgung sind, hei\u00dft das Gegebene aktiv annehmen, mit tun, handlen , zusammenwirken. Hingabe an aktives Handeln gekoppelt, sich un-bewusst eintunen, dem Leben sich anvertrauen\u00a0 statt dem Dicksch\u00e4delwillen sich ausliefern.<\/p>\n<p>Erlebe den Willen als Autopilot der Konditionierungen folgt. Es ist eine aktive Arbeit aus reaktiven Mustern, resonantes Verhalten,\u00a0 innnovatives Handeln, inspirirendes Denken werden zu lassen. Es liegt in meiner Verantwortung den Aufmerksamkeitsraum anzusteuern in dem das m\u00f6glich wird.<\/p>\n<p>In der Sturm und Drang Phase der Jugend als wunderbar erlebt. Eine erlebare Freiheit innerhalb von Grenzen. Dann erkennen das ein der Vereinzelung nichts zu bewirken ist. Wille hat mit Optionen, der Wahl von erkennbaren M\u00f6glichkeiten zu tun. Motivationsformel &#8211; k\u00f6nnen m\u00f6gen wollen statt m\u00fcssen d\u00fcrfen sollen.Reflekieren selbststimmt und sinnorientiert, statt fremd- und zweckorietiert.\u00a0 Ein Dreiklang der von Innen\u00a0 gegtragen ist. Unterscheiden von Perspektive Vison Idee.<\/p>\n<p>Der Wille dient dem &#8211; Werde der\/die du bist dem intentionalen entfalten des im Samen angelegten Potentials. Es besteht die Notwendigkeit zu entwickeln, sich zu entwickeln, Wille kl\u00e4rt die Bedingungen die das m\u00f6glich machen.<\/p>\n<p>Es ist ein Prozess, der intuitiv ausw\u00e4hlt, geleitet von\u00a0 einem Sp\u00fcren das die\u00a0 Art der Zukunft\u00a0 mit der Art des Gegenw\u00e4rtigen in Deckung bringt. Wegweiser ist das sich gut anf\u00fchlen .<\/p>\n<p>Wille dient der Konkretisierung von einem Lebensgef\u00fchl, einer Lebensabsicht. W\u00e4hlt und nimmt aus den Optionen das Passende, best\u00e4tigt durch ein inneres Wissen, das ist genau richtig. Gibt es viele kleine Willen?<\/p>\n<p>Wille schwingt zwischen Intention und Inspiration , f\u00fchlt sich an wie ein weiter Raum, wurzellose Wurzel, l\u00f6st die Verortung auf. In der Quelle der Inspiration findet sich kaum noch Verortung.<\/p>\n<p>Dein Wille geschehe. Ist der 3 2 1 Prozess eine Entsprechung?\u00a0 Ist mein &#8211; nur eine Perspektive des ganzen Willens? In der 1 Person Perspektive hei\u00dft wollen bewusste R\u00fcckkoppelung an innerste sch\u00f6pferische F\u00fclle.<\/p>\n<p>Wille hei\u00dft begehren. Das Sch\u00f6pferische selbst ist Willenskraft. Ist ein aktives Schulen der Konzentration, eine Ausrichtung, eine Absichtserkl\u00e4rung die nach \u00dcbereinstimmng mit demLebendigen sucht.<\/p>\n<p><strong>Martin Buber<br \/>\n<\/strong><\/p>\n<p><strong>Der freie Mensch ist der ohne Willk\u00fcr wollende<\/strong>. Er glaubt an die Wirklichkeit und dh \u2013 er glaubt an die reale Verbundenheit der realen Zweiheit Ich und Du. Er glaubt an die Bestimmung und daran, dass sie seiner bedarf. Sie g\u00e4ngelt ihn nicht, sie erwartet ihn, er muss auf sie zugehen und wei\u00df doch nicht wo sie steht. Er muss mit dem ganzen Wesen ausgehen, das wei\u00df er. Es wird nicht so kommen, wie sein Entschluss es meint, aber was kommen will, wird nur kommen, wenn er sich zu dem entschlie\u00dft, was er wollen kann. Es muss seinen kleinen Willen, den unfreien, von Dingen und Trieben regierten, seinem gro\u00dfen opfern, der vom Bestimmten sein\u00a0 auf die Bestimmung zugeht. Da greift er nicht mehr ein und l\u00e4sst doch auch nicht blo\u00df geschehen. Er lauscht dem aus sich Werdenden, dem Weg des Wesens in der Welt, nicht um von ihm getragen zu werden um es selber so zu verwirkliche, wie es von ihm, dessen es bedarf, verwirklicht werden will, mit Menschengeist und Menschentat und Menschenleben und Menschentod. ( Scharmer &#8211; Theorie U)<\/p>\n<\/div><footer class=\"entry-footer\"><\/footer><div class='post_delimiter'><\/div><\/div><div class='post_author_timeline'><\/div><span class='hidden'>\n\t\t\t\t<span class='av-structured-data'  itemprop=\"image\" itemscope=\"itemscope\" itemtype=\"https:\/\/schema.org\/ImageObject\" >\n\t\t\t\t\t\t<span itemprop='url'>http:\/\/integrale-szene.de\/wordpress\/wp-content\/uploads\/2021\/04\/logo-integrale-szene.png<\/span>\n\t\t\t\t\t\t<span itemprop='height'>0<\/span>\n\t\t\t\t\t\t<span itemprop='width'>0<\/span>\n\t\t\t\t<\/span>\n\t\t\t\t<span class='av-structured-data'  itemprop=\"publisher\" itemtype=\"https:\/\/schema.org\/Organization\" itemscope=\"itemscope\" >\n\t\t\t\t\t\t<span itemprop='name'>susanya<\/span>\n\t\t\t\t\t\t<span itemprop='logo' itemscope itemtype='https:\/\/schema.org\/ImageObject'>\n\t\t\t\t\t\t\t<span itemprop='url'>http:\/\/integrale-szene.de\/wordpress\/wp-content\/uploads\/2021\/04\/logo-integrale-szene.png<\/span>\n\t\t\t\t\t\t <\/span>\n\t\t\t\t<\/span><span class='av-structured-data'  itemprop=\"author\" itemscope=\"itemscope\" itemtype=\"https:\/\/schema.org\/Person\" ><span itemprop='name'>susanya<\/span><\/span><span class='av-structured-data'  itemprop=\"datePublished\" datetime=\"2010-03-11T12:09:08+01:00\" >2010-03-11 12:09:08<\/span><span class='av-structured-data'  itemprop=\"dateModified\" itemtype=\"https:\/\/schema.org\/dateModified\" >2010-03-11 12:09:08<\/span><span class='av-structured-data'  itemprop=\"mainEntityOfPage\" itemtype=\"https:\/\/schema.org\/mainEntityOfPage\" ><span itemprop='name'>\u00d6ffnung des Willens<\/span><\/span><\/span><\/article><article class='post-entry post-entry-type-standard post-entry-241 post-loop-6 post-parity-even single-small  post-241 post type-post status-publish format-standard hentry category-isam tag-offnung-denken tag-offnung-fuhlen tag-offnung-wollen tag-u-prozess tag-zyklus-des-absencing'  itemscope=\"itemscope\" itemtype=\"https:\/\/schema.org\/BlogPosting\" ><div class='blog-meta'><a href='http:\/\/integrale-szene.de\/wordpress\/u-prozess-horen-stille\/' class='small-preview'  title=\"U-Prozess H\u00f6ren Stille\"   itemprop=\"image\" itemscope=\"itemscope\" itemtype=\"https:\/\/schema.org\/ImageObject\" ><span class=\"iconfont\" aria-hidden='true' data-av_icon='\ue836' data-av_iconfont='entypo-fontello'><\/span><\/a><\/div><div class='entry-content-wrapper clearfix standard-content'><header class=\"entry-content-header\"><h2 class='post-title entry-title '  itemprop=\"headline\" >\t<a href='http:\/\/integrale-szene.de\/wordpress\/u-prozess-horen-stille\/' rel='bookmark' title='Permanenter Link zu: U-Prozess H\u00f6ren Stille'>U-Prozess H\u00f6ren Stille\t\t\t<span class='post-format-icon minor-meta'><\/span>\t<\/a><\/h2><span class='post-meta-infos'><time class='date-container minor-meta updated' >28. Februar 2010<\/time><span class='text-sep text-sep-date'>\/<\/span><span class='comment-container minor-meta'><a href=\"http:\/\/integrale-szene.de\/wordpress\/u-prozess-horen-stille\/#respond\" class=\"comments-link\" >0 Kommentare<\/a><\/span><span class='text-sep text-sep-comment'>\/<\/span><span class=\"blog-categories minor-meta\">in <a href=\"http:\/\/integrale-szene.de\/wordpress\/category\/isam\/\" rel=\"tag\">Isam<\/a> <\/span><span class=\"text-sep text-sep-cat\">\/<\/span><span class=\"blog-author minor-meta\">von <span class=\"entry-author-link\"  itemprop=\"author\" ><span class=\"author\"><span class=\"fn\"><a href=\"http:\/\/integrale-szene.de\/wordpress\/author\/susanya\/\" title=\"Beitr\u00e4ge von susanya\" rel=\"author\">susanya<\/a><\/span><\/span><\/span><\/span><\/span><\/header><div class=\"entry-content\"  itemprop=\"text\" ><p>Nachhall zum  <strong>Februar Salon am 21 Februar 2010<\/strong><\/p>\n<p><strong>Im focus der U Prozess und die Aufmerksamkeitsfelder<br \/>\n<\/strong><\/p>\n<p><strong style=\"color: #2ad494;\">Denken ist eine revolution\u00e4re Kraft, sie schafft Wirklichkeit. Otto Scharmer<br \/>\n<\/strong><\/p>\n<p>Nach einer intensiven <strong>Stilleeinheit<\/strong> zum sich sammeln, zum innehalten &#8211; begleitet mit einer gef\u00fchrten Reise durch die drei Schichtungen, flie\u00dfenden R\u00e4ume im Inneren, im zwischen sein einfach werden, im miteinander\u00a0 sein die Anwesenden wahrnehmen, den Raum ersp\u00fcren der uns umh\u00fcllt.<\/p>\n<p><span style=\"color: red;\">3.<\/span> Jede soziale Handlung hat vier m\u00f6gliche Quellorte<\/p>\n<p>a. ich in mir \u2013 handle aus dem Zentrum, das innerhalb der Grenzen der eigenen Organisation \/ Systems liegen<\/p>\n<p>b. ich in es \u2013\u00a0 handle aus der Peripherie der Grenzen der eigenen Organisation\/ Systems<\/p>\n<p>c. Ich in dir- von jenseits der Grenzen der eigenen Organisation<\/p>\n<p>d. Ich in Gegenw\u00e4rtigung \u2013 handeln vom entstehenden Umfeld des Ganzen her- jenseits der offenen Grenzen der eigenen Organisation<span> <\/span><\/p>\n<p><span style=\"color: red;\">4.<\/span> die vier Quellen<span> <\/span>bringen unterschiedliche Feldstrukturen hervor, die den sozialen Prozess auf eigene Weise konfigurieren, soziale Interaktionsmuster hervorbringen.<\/p>\n<p><span style=\"color: red;\">Varelas drei Gesten<span> <\/span><\/span> des \u00d6ffnungsprozesses erkunden<\/p>\n<p>1.Innehalten \u2013 suspension beenden von Gewohnheitsmustern<span>, <\/span>schauen aus einer mehr \u00fcberblickenden Perspektive Suspensionsphase \u2013 ertragen das nichts passiert, Innehalten und dranbleiben ist entscheidend<span> <\/span><span style=\"text-decoration: underline;\">seeing <\/span><\/p>\n<p>2. umwenden \u2013 redirektion<span> <\/span>von einem \u00c4u\u00dferen zu einem Inneren Umlenken, zum Ursprungsort der Aufmerksamkeit statt zum Objekt.<span> <\/span><span style=\"text-decoration: underline;\">Sensing <\/span><\/p>\n<p>3. loslassen \u2013 letting go<span> <\/span>mit Feingef\u00fchl unsere Erfahrung akzeptieren<span> <\/span><\/p>\n<p>4. die Einzelperspektive zum Ganzen wenden, aus der die eigenen Handlungen als Teil des Ganzen wahrgenommen werden k\u00f6nnen.<\/p>\n<p>5. tiefer Ort der Stille<span> <\/span>&#8211; fragen nach Neuem<span style=\"text-decoration: underline;\"> presencing<\/span><span> <\/span>&#8211; anwesend werden<\/p>\n<p><strong>Was ist dein Intention f\u00fcr heute, hier? Wir h\u00f6ren..<\/strong><\/p>\n<p><span style=\"color: red;\">\u00d6ffnung des Denkens<\/span><\/p>\n<p>IQ F\u00e4higkeit analytisch und intellektuell denken Umgang mit Fakten<\/p>\n<p>Feinde \u2013 Stimme des Urteilens Verhindert Kreativit\u00e4t<\/p>\n<p>Dialog \u2013 echten Raum f\u00fcr das Zuh\u00f6ren und die Reflexion schaffen<\/p>\n<p><strong>Wir tragen zusammen<\/strong><\/p>\n<p>den Begegnungsraum, das ich und Euch, als Schwellensituation mit Vorsicht schauen, den Prozess vom ich zum wir achtsam begleiten<\/p>\n<p>in voller Pr\u00e4senz sein\u00a0 das was passiert einfach hindurch flie\u00dfen lassen, als Katalysator, als Transformator \/ \u00dcbersetzer mich zur Verf\u00fcgung stellen<\/p>\n<p>als Bild erschienen-  flie\u00dfenden Wassers und eine sich \u00f6ffnende Blume, ein dunkler Raum der aufnimmt. Ich steuere mein Halten des Raumes bei und bin offen f\u00fcr was kommen mag<\/p>\n<p>wo findet Vernetzung statt? Achtsamkeit, Spannung halten f\u00fcr das was zum tragen zum leben kommen will.<\/p>\n<p>Geburtshelfer sein &#8211; Wehen die sich ank\u00fcndigen und warten auf das gro\u00dfe Neue, in Erwartung sein<\/p>\n<p>bereit sein das ES geerdet wird. Was braucht die Welt von mir?<\/p>\n<p>Ber\u00fchrbarkeit erkunden an der Grenze des noch nicht und nicht mehr, schwebende Grenzen im Bewusstseinsfeld, die sich intensivieren in denen wir ihnen Achtsamkeit schenken. Was braucht es um aus dem reaktiven Muster in ein resonantes Schwingen zu gelangen?<\/p>\n<p>nicht denken und differenzieren lernen zwischen einem Dumpfbackigen Zustand und der Leere<\/p>\n<p>bin im Modus der Bildschirmschoners nach zuviel input und output der vorausgegangenen Tage, auf einem stand by modus und einfach da<\/p>\n<p>im Focus den switch zwischen Ich und Wir. Was hei\u00dft f\u00e4hig und bereit zu sein in Gemeinschaft zu gehen? Was brauche ich um mich zu \u00f6ffnen?  Die Grenze ausloten, des nicht Ich nicht Wir, des Ich ich, des Wir wir, des Ich Wir, Wir ich.<\/p>\n<p>pr\u00e4zisier wahrnehmen wie ungew\u00f6hnliche Kommunikation von statten geht.  Sp\u00fcren das Informationen, Inspirationen vom Hintergrund aus \u00fcbertragen werden. Wie lassen sich die Kan\u00e4le, diese Schwingungsfelder stabilisieren? Wie finde ich Menschen die sich dahingehend organisieren? Wie kann ich die Atmosph\u00e4re, die in den Salons lebt auf mein soziales Umfeld ausdehnen, \u00fcbertragen?<\/p>\n<p>Bild des kleinen Prinzen auf seinem Planeten neben dem Schornstein &#8211; neben dem tauchen immer mehr Planeten mit ihren Bewohnern\/innen auf. Den Perspektivwechsel \u00fcben. Wie gebe ich durch sprechen, durch sagen( Sagen)?<\/p>\n<p>alles lassen wie es ist und aus. Oder ein&#8230;oder einfach sein oder eine Ode ans sein ohne rrrr<\/p>\n<p><strong><br \/>\n<\/strong><\/p>\n<p><strong>Wir begeben uns in ein Experiment.<\/strong> Der Platz in der Mitte wird zur Schl\u00fcsselstelle, zur Quelle, zum Thron, zum Focus, zum offenen Raum, ein Nullfeld, ein Wirbel, ein Herzenslot, eine Eintrittstelle f\u00fcr das Unbekannte in uns.<\/p>\n<p><strong>Der Einladung folgend  die Mitte einnehmen<\/strong> und wir h\u00f6ren und sp\u00fcren die Ver\u00e4nderungen im Menschen in der Mitte, die Auswirkungen des Tuns, die Einwirkungen, die durch uns das Feld wandeln.<\/p>\n<p>H\u00f6ren ist kondensierte Stille- verinnerlichte Achtsamkeit<\/p>\n<p><span style=\"color: red;\">\u00d6ffnung des F\u00fchlens<br \/>\n<\/span><\/p>\n<p>EQ Kapazit\u00e4t zu Mitgef\u00fchl<\/p>\n<p>Einf\u00fchlungsverm\u00f6gen , Kontexte erschlie\u00dfen, Perspektivwechsel Cosensing \u2013 gemeinsam wahrnehmen<\/p>\n<p>Gef\u00fchle als Wahrnehmungssensorien nutzen,\u00a0   Sinne aktivieren und sensibilisieren<\/p>\n<p>Fragen stellen, Zeit verlangsamen, ruhige Momente und Stille kultivieren,\u00a0 Wahrnehmung findet vom Feld her statt<\/p>\n<p>\u00d6ffnet\u00a0 die Grenzen zwischen Beobachter und Beobachtetem \u2013 System ist drau\u00dfen und gleichsam drin- das Wir im Ich<\/p>\n<p>Eintauchen \u2013 eins werden mit dem betreffenden sozialen Feld, den Atem beruhigen<\/p>\n<p>Verschiebt den Ort der Wahrnehmung zum gegenw\u00e4rtigen Ganzen<\/p>\n<p>Die Aufmerksamkeit ausrichten- Zwischenraum indem kollektive Muster auftauchen k\u00f6nnen wahren<\/p>\n<p>Was hindert?\u00a0 die Stimme des Zynismus, jede\u00a0 Form emotioneller Handlung, die zur Distanzierung von der aktuellen Situation f\u00fchrt<\/p>\n<p><strong><span style=\"color: red;\">Circle of seven<\/span><span> <\/span><\/strong> Ort des Haltens zu entwickeln, der Fl\u00fcgel verleihen kann<\/p>\n<p class=\"MsoListParagraphCxSpFirst\" style=\"text-indent: -18pt;\"><!--[if !supportLists]--><span>1.<span style=\"font-family: &quot;Times New Roman&quot;; font-style: normal; font-variant: normal; font-weight: normal; font-size: 7pt; line-height: normal; font-size-adjust: none; font-stretch: normal; -x-system-font: none;\"> <\/span><\/span><!--[endif]--> Bedingungslose<strong>s<\/strong> Dabei und Zeuge\u00a0 sein \u2013 \u00d6ffnung gegen\u00fcber dem Quellort des circles<\/p>\n<p>Dh die Augen, durch die du siehst, die Ohren, mit denen du h\u00f6rst, sind individuell und gleichzeitig auch Teil des Ganzen. Keine Projektionen hineinbringen, stattdessen die Intention, sich dem Hier und jetzt, was entstehen will zu \u00f6ffnen. Feinf\u00fchligkeit ohne Manipulation.\u00a0 Ziel ist eine Stimmung des Nichturteilens auftauchen zu lassen.<\/p>\n<p class=\"MsoListParagraphCxSpMiddle\" style=\"text-indent: -18pt;\"><!--[if !supportLists]--><span>2.<span style=\"font-family: &quot;Times New Roman&quot;; font-style: normal; font-variant: normal; font-weight: normal; font-size: 7pt; line-height: normal; font-size-adjust: none; font-stretch: normal; -x-system-font: none;\"> <\/span><\/span><!--[endif]-->Freimachen<span> <\/span>des horizontalen Raumes f\u00fcr bedingungsloses Lieben<\/p>\n<p>Der Focus der Energie f\u00e4llt vom Kopf in den Herzbereich. Unpers\u00f6nliche Liebe ist etwas Besonderes.<\/p>\n<p class=\"MsoListParagraphCxSpMiddle\" style=\"text-indent: -18pt;\"><span>3.<span style=\"font-family: &quot;Times New Roman&quot;; font-style: normal; font-variant: normal; font-weight: normal; font-size: 7pt; line-height: normal; font-size-adjust: none; font-stretch: normal; -x-system-font: none;\"> <\/span><\/span>Die Aufmerksamkeit auf das essenzielle oder authentische Selbst\u00a0 lenken<\/p>\n<p class=\"MsoListParagraphCxSpLast\">Ich sehe durch diese Wunde das Wahre an dir. Disziplin der fokussierten Aufmerksamkeit.\u00a0 Als Grundannahme &#8211; die Beziehung zueinander ist unzerst\u00f6rbar. Das gr\u00f6\u00dfte Geschenk aneinander ist das h\u00f6here Selbst des anderen wahrzunehmen, mehr \u00fcber sich selbst erf\u00e4hrt durch das tiefe Schauen.F\u00fchlend die Anwesenheit der Ganzheit aufnehmen.<\/p>\n<p>x<\/p>\n<p>Eine Beschreibung aus der Mitte<\/p>\n<p><strong>In Phase 4 erleben wir das Denken als reines Feuer, als W\u00e4rmepol ( Beuys) als den Sch\u00f6pfungspol, indem sich die Verfl\u00fcssigung der Materie des Festen ereignet, von dem aus wir die Kraft des Neuen, die Kraft des sch\u00f6pferischen Werdens in die Welt bringen.<\/strong><\/p>\n<p><strong><\/strong>W\u00e4rme sp\u00fcren, subtile Ber\u00fchrung , eine pulsierende Mitte, die sich als Font\u00e4ne kuppelartig im Raum ausbreitet. Gleichzeitig stabil und sehr sensibel.  Ein sich aufbauendes Feld, das Erleben das die Energie pl\u00f6tzlich zusammenbricht. Kollision mit dem Unbekannten.<\/p>\n<p><em>Du wartest und Wartest und l\u00e4sst deine Erfahrung sich mit der Situation verbinden.<span> <\/span>In gewisser Weise gibt es keine Entscheidung. Da was zu tun ist wird offensichtlich. Du kannst nichts beschleunigen Viel h\u00e4ngt davon ab, woher du innerlich kommst, wer du bist, als Mensch. Das was z\u00e4hlt, h\u00e4ngt davon ab, woher du tief drinnen in dir selbst kommst.<span style=\"font-size: 12pt; font-family: &quot;Times New Roman&quot;,&quot;serif&quot;;\"> Brian Arther( U Theorie)<br \/>\n<\/span><\/em><\/p>\n<p>Das ego tobt, wacher werden, ringen um etwas was allgemeing\u00fcltig scheint, die innere Anspruchshaltung wird offensichtlich. Die vermuteten, erfahrungbasierten und hoffnungsmotivierten Erwartungenshaltungen beginnen zu rotieren und bringen Unruhe mit sich.  An der Grenze Scham &#8211; das nackt sein, die Verletztlichkeit, die Angst sich zu zeigen. Zugleich au\u00dfer mir &#8211; au\u00dferhalb sein, eine Erfahrung wie im seshin, eine Entpersonalisierung.<\/p>\n<p><span style=\"color: red;\">\u00d6ffnung des Wollens<\/span><\/p>\n<p>SQ Das alte Ich und alte Intention loslassen, neu werden, das  Auferstehungsprinzip<\/p>\n<p>Stimme der Angst, hindert uns daran loszulassen wer wir sind<\/p>\n<p>Angst ins Unbekannte zu treten \u2013 in die Nichtwissenszone<\/p>\n<p><span style=\"font-size: 12pt; font-family: &quot;Times New Roman&quot;,&quot;serif&quot;;\">Co \u2013 inspiring \u2013 gemeinsame Willensbildung <\/span><\/p>\n<p>Das bei sich Sein  braucht die Erlaubnis \u00fcber das Gewohnte hinauszugehen in die terra incognita. Gehalten im Aufmerksamkeitsfeld der Ichs,  der h\u00fcllenden W\u00e4rmezone des Verk\u00f6rpertseins im atmenden Raum, der sp\u00fcrbar tr\u00e4gt.  Unterscheiden zwischen Dissoziation und Destillation. Ersteres ein Abspalten und auslagern, ein fast verloren geben. Letzteres ein Verdichten auf Wesentliches hin, lassen k\u00f6nnen, hingeben und ohne Pers\u00f6nlichkeitsglasur,  mit der Radikalit\u00e4t eines Niemand seins sich in die offene Mitte begeben. Vergessen was war, verzichten auf Eingaben und vertrauen in die Hingabe um gel\u00e4utert und veredelt dem enteigneten ich gegen\u00fcber als Selbst aufzutauche. Ein Raum der Umst\u00fclpung, der alles fordert und gar nichts will.  Weisheit ist nichts,Liebe ist alles.<\/p>\n<p>Als Bild von au\u00dfen ein Netz, gen\u00fcpft, verzweigt, elastsich voller Tautropfen . Aufbr\u00fcche und Wendepunkte. Die L\u00fccken, die offenen Felder und die Ichs als spiegelnde in sich ein fluides kontinuum bildende Entit\u00e4ten.Eine Ver\u00e4nderung im Netz und alles wird schwingungsm\u00e4\u00dfig ver\u00e4ndert, informiert.<\/p>\n<p><strong>Ein zweiter Mittengang<\/strong><\/p>\n<p>Eine aufr\u00fcttelnde  kriegerische Energie tritt auf,  die kundtut, das es nichts zu f\u00fcrchten gibt. Erinnert sich\/ uns das wir aus den vielf\u00e4ltigen Aspekten des einen Seins leben. Das Stille uns umh\u00fcllt, erlebbar als compassion und mercy. Der Schatten, ein Potential das wir leben m\u00f6chte.<\/p>\n<p>von au\u00dfen erlebt  Wie eine Nabe des Rades  die Mitte nehmen, ausf\u00fcllen. Die reinigende Energie einer vedischen Priesterin in einem Ritual, einem rituellen Raum. Belebend, elektrisiernd und energetisierend. Verschiedene Stimme die durch die Persona t\u00f6nen, manche in fremden Zungen, manche wie gedolmetscht in unsere Art der Sprache. Die unverstandene Sprache ber\u00fchrt einen stillen,noch ungeformten Grund, n\u00e4her am Quellpunkt des Klanges, bevor er die die Vielfalt der Wortb\u00fcndel zerf\u00e4llt. Erzeugt in diesem lauschen einen schweigenden Keimraum, der bewahrt im Zeugen umfassender wirkt als die Perspektiven des Ichs, in ihrer Pr\u00e4zision und Ausschlie\u00dflichkeit. Das H\u00f6ren selbst  ein umfassendes Erleben des Geborgen seins vor der Ichgesch\u00f6pftheit.<\/p>\n<p><strong>Muster tauchen auf &#8211;<\/strong> das Mannfeld wird aktiviert durch den direkten Wunsch einen Mann im Quellort zu erleben.Wir sehen das es eine Art menschliches, weisheitsvolles, sinnliches F\u00fchlen und Denken gibt in der Mitte gibt.Die Aufgabe der Menschen im h\u00fcllenden Gewahrsein ist auf der Mitte ihrer ins weiblich und m\u00e4nnlich ausschwingenden Tendenzen pr\u00e4sent zu sein. Pl\u00f6tzlich werden uns die beschr\u00e4nkenden Muster, die Last der Gewohnheiten, die schneller im Umlauf sind als wir anlaufen k\u00f6nnen,<strong> schmerzhaft bewusst. <\/strong>Getragen von Humor wird es zartbitter und es gelingt uns behutsam das Gewebe des Verbundenseins, das zu zerrei\u00dfen droht in Schwebe zu halten. Wir sp\u00fcren ein tiefes Verwundetsein durch das Fleisch gewordene Denken unserer Vorg\u00e4nger\/innen, im Bem\u00fchen ad\u00e4quate Formen des miteinanders zu entwickeln. Im Teilen dieses Schmerzes, derHilflosigkeit hervoruft, Ohnmacht und Unsicherheit, suchen wir nach einer neuen Art des sich aufeinander einstimmens. Nicht in das gewohnte, vor reaktiven Mustern strotzende, anklagende, vorwurfsvolle-nicht in den Kreis der Abwesenheit.<\/p>\n<p class=\"MsoListParagraphCxSpFirst\" style=\"margin-left: 54pt;\"><span style=\"color: red;\">ZYKLUS des ABSENCING <\/span><\/p>\n<p><!--[if !supportLists]--><span>a.<span style=\"font-family: &quot;Times New Roman&quot;; font-style: normal; font-variant: normal; font-weight: normal; font-size: 7pt; line-height: normal; font-size-adjust: none; font-stretch: normal; -x-system-font: none;\"> <\/span><\/span><!--[endif]--><span style=\"color: red;\">Nichtsehen<\/span>, unf\u00e4hig irgendetwas Neues zu entdecken, gefangen in unserer Ideologie, wir isolieren uns von Aspekten<span> <\/span>der Realit\u00e4t, die nicht zu unserer Ideologie passen. Nur eine Sprache und Wahrheit kennen und f\u00fcr legitim zu erachten<\/p>\n<p><!--[if !supportLists]--><span>b.<span style=\"font-family: &quot;Times New Roman&quot;; font-style: normal; font-variant: normal; font-weight: normal; font-size: 7pt; line-height: normal; font-size-adjust: none; font-stretch: normal; -x-system-font: none;\"> <\/span><\/span><!--[endif]--><span style=\"color: red;\">Entf\u00fchlen <\/span>\u2013 unsere Sinne erlauben uns nicht ein neues Feld zu betreten , Perspektivwechsel zb, wir sind in den Grenzen des ind, und koll, K\u00f6rpers gefangen, unsere F\u00e4higkeit uns mit anderen zu identifizieren ist<span> <\/span>verschlossen, Wir sind von den sozialen Feldern durch eine dicke Mauer getrennt.<\/p>\n<p>Intoleranz und Mangel an Empathie f\u00fcr andere Ansichten, ganz einem einzigen kollektiven K\u00f6rper verhaftet zu sein \u2013 wir gegen sie.<\/p>\n<p><!--[if !supportLists]--><span>c.<span style=\"font-family: &quot;Times New Roman&quot;; font-style: normal; font-variant: normal; font-weight: normal; font-size: 7pt; line-height: normal; font-size-adjust: none; font-stretch: normal; -x-system-font: none;\"> <\/span><\/span><!--[endif]--><span style=\"color: red;\">Abwesend werden<\/span> &#8211; <span> <\/span>wir verschlie\u00dfen uns der Zukunft gegen\u00fcber. Sind im gegenw\u00e4rtigen Selbst und Willen eingemauert, unf\u00e4hig \u00fcber Grenzen des gewordenen hinauszuwachsen und zu unserem neuen, auth Ich eine echte erneuernde Beziehung aufzubauen<\/p>\n<p><span style=\"color: red;\">V<\/span>erlust der Verbindung zum h\u00f6heren auth. <span> <\/span>Selbst, ganz dem gewordenen verhaftet \u2013 dem sich nicht entwickelten selbst<\/p>\n<p><!--[if !supportLists]--><span>d.<span style=\"font-family: &quot;Times New Roman&quot;; font-style: normal; font-variant: normal; font-weight: normal; font-size: 7pt; line-height: normal; font-size-adjust: none; font-stretch: normal; -x-system-font: none;\"> <\/span><\/span><!--[endif]--><span style=\"color: red;\">Illusionieren <\/span>\u2013 abbrechen, zerst\u00f6ren &#8211;<span> <\/span>wir bleiben in Weltsicht und Wahrheit stecken bleiben, indem wir Fanatiker werden und alles ablehnen.<\/p>\n<p>Gewalt gegen das Fremde , das andere, nur der eigene Wille gilt, verachtet.<\/p>\n<p>In kleiner Binnenwelt gefangen sein\u2013 statt auf sch\u00f6pferische T\u00e4tigkeit, kreatives und Innovatives ausgerichtet. Es fordert eine bewusste Entscheidung.<\/p>\n<p class=\"MsoListParagraphCxSpLast\" style=\"margin-left: 72pt;\">\n<p><strong>wir fragen uns &#8211; wir tragen zusammen &#8211; wir besinnen uns &#8211; wir reflektieren &#8211; reframing<br \/>\n<\/strong><\/p>\n<p>Ich erkenne wie schnell die Muster aufpoppen, vorr\u00e4tig. Was f\u00fcge ich auf meine Art und Weise bei? Ich bemerke mein Z\u00f6gern, mein Nicht sagen, mein Kreisen in Gedanken. Ich bin streitlustig. Alle Impulse leben lassen, ohne blind daf\u00fcr zu sein, \u00fcben zu differenzieren.  Die Intensit\u00e4t war \u00fcberraschend. Wo ist der Wille, mein , dein , unser? Ich bin mir meiner Erwartungen bewusst geworden, der Rollenmodelle &#8211; gibt es etwas nach den Rollen?  Ich bin zugleich m\u00fcde, entspannt und hellwach im gemeinsamen wir. Unsere Spielregeln kl\u00e4ren, der Spontanit\u00e4t vertrauen, Zeit zum aufw\u00e4rmen. Bereit sein zum Scheitern als notwendige Risikobereitschaft.  Den Druck realisieren der durch die Anspruchshaltung resultiert.  Den Schmelztiegel sp\u00fcren, das tasten , probieren, forschen, umr\u00fchren, der Hexenkessel, der Gral. Eine wei\u00dfe Flamme, der tatkr\u00e4ftige Krieger hat mich verbl\u00fcfft. Wagen einen gemeinsamen Grund zu finden. Genervt von dem zerredet sein, der Etikettenschwindel, die Kontroverse und sp\u00fcren den Schmerz den das m\u00fctterliche in die Sohnwelt bringt- Weibergetue und \u00fcberb\u00fcgeln. Ber\u00fchrt von der Hilflosigkeit mitten im ge\u00f6ffneten Schmerz &#8211; anerkennen das es nicht heilbar ist. Respekt vor der Wunde &#8211; dem Trauma. Sehen und darin ehren, zug\u00e4nglich werden f\u00fcr das ausgeliefert sein und willens durch den geschlagenen schmerz hindurch zu wandeln und gemeinsam neues zu entfalten. Behutsam.<\/p>\n<p>4 Formen des H\u00f6rens \/ Scharmer<\/p>\n<p>a. <span style=\"color: red;\">downloading<\/span> runterladen \u2013 sagen was die andern h\u00f6ren wollen<\/p>\n<p>regelreproduzierend a<\/p>\n<p>h\u00f6fliche Routine , leere Phrasen, autistisches System , wiederholt vergangene Muster<\/p>\n<p>b. <span style=\"color: red;\">Debatte.<\/span> Differenzierende Konfrontation \u2013 sagen was ich denke<\/p>\n<p>divergierende Sichtweisen. Ich bin mein Standpkt.<span> <\/span>Adaptives System<\/p>\n<p>Regel kontextualisierend b<\/p>\n<p>sehen \u2013 die Wahrnehmung bemerkt widerspr\u00fcchliche oder neue Daten<\/p>\n<p>c. <span style=\"color: red;\">Dialog <\/span>reflektives Erkunden \u2013 von sich als einem Teil des Ganzen sprechen<\/p>\n<p>vom verteidigen zum erkunden der Standpunkte, selbstreflexives System, sich selbst sehen<\/p>\n<p>erkennen der Sprachmuster<span> <\/span>Perspektivenvielfalt<\/p>\n<p>regelreflektierend c<\/p>\n<p>hinsp\u00fcren \u2013 Wahrnehmung vom Feld aus<\/p>\n<p>d.<span style=\"color: red;\"> presencing<\/span> \u2013 generatives Flie\u00dfen \u2013 von der entstehenden M\u00f6glichkeit her sprechen<\/p>\n<p>stille, kollektive Kreativit\u00e4t, sch\u00f6pferisches Flie\u00dfen, authentisches System<\/p>\n<p>regelgenerierend d<\/p>\n<p>sich entwickelnde Beziehungsnetzwerke &#8211; beginnt vom sch\u00f6pferischen Quellpkt .- vom Umfeld her stattzufinden<\/p>\n<p><strong>Unser n\u00e4chster Schritt nach der Mittagspause<\/strong><\/p>\n<p>Ein Mann im Innenraum. Erlebt ordentlichen \u00c4rger, wartet sicherheitshalber ab, bis er sich gelegt hat. Unmut \u00fcber das sich in\u00a0 Rollen dr\u00e4ngen lassen. Vertrauen aufbauen dahingehend das der \u00c4rger da sein darf. Der Begriff des Schwellenh\u00fcters taucht auf, des Grenzw\u00e4chters. Es f\u00fchlt sich nach einem \u00dcbergang an. Die M\u00f6glichkeit zur Entgrenzung taucht auf. Im Ich als Vorsicht und Neugierde sp\u00fcrbar,  Scheu im Bewusstseins des kommenden. Klarheit schaffen in den Passagen, nichts passiert mir, alles passiert mich. Ordnung &#8211; nicht in Ordnung. \u00c4rger als Platzhalter f\u00fcr das Chaos, das Unordentliche, die aufbrechende Kraft, den Impuls. Den \u00c4rger z\u00e4hmen k\u00f6nnen. Die Frage nach dem zuk\u00fcnftigen Mannfeld bringt ph\u00e4nomenolgisch Erstaunliches zu tage, frisch from the unkown.<\/p>\n<p>Wesentlich ist das beheimatet sein im K\u00f6rper, dr\u00fcckt sich aus als Wohlgef\u00fchl, seidiges um mich herum,nackt und ganz zart.  In mir ganz wach, wachsam, sprungbereit, bereit zuzuspacken, zuzuschlagen. Wachsen am aktiven handeln. Den Impuls versp\u00fcren f\u00fcr das m\u00e4nnliche in die Presche zu springen, eine Schneise zu schlagen, verbunden mit einer gro\u00dfen Sehnsucht darin aufzugehen.<\/p>\n<p>Ein blinder Fleck &#8211; Zustand der Unbewusstheit indem Muster wuchern. Das versteckte Opfersein des Mannes als Schattenthema des Kollektivs. Das Leid durch die Zuschreibung von Rollen, die Vorurteile.<\/p>\n<p><strong>In der Frage wer ist Opfer von wem, wer reagiert, wer versagt wirft die Frage nach dem freien Willen, der Selbstverantwortung\u00a0 auf? In einer Runde reflektieren wir unsere Ansichten<br \/>\n<\/strong><\/p>\n<p>Antir\u00e4ume entstehen wenn wir Schuld bei anderen ansiedeln , andere f\u00fcr Probleme verantwortlichen machen.\u00a0 Das Verhalten reduziert die Wahrnehmung der Realit\u00e4t. Hei\u00dft die Verbindung zeinander und zu dem Geschehen zu\u00a0 leugnen.<br \/>\nSabotage\u00a0 ist eine\u00a0 subtile Form von abwesend werden. Ohne Verbindung zum auth. Selbst wird die innere Leere und \u00d6dnis sp\u00fcrbar. Das macht\u00a0 empf\u00e4nglich f\u00fcr Ersatzbefriedigung, Egomanien, Hybris und faschistischen Ideologien.<br \/>\nSelbstbezogenheit und Selbstmitleid im Zentrum bedeutet das Umfeld auszubeuten .<br \/>\nIntrigen und Manipulation vergiften das Denken und die Gespr\u00e4chskultur. Sie zielen darauf ab \u00dcberzeugungen und Verhalten zu manipulieren, Infos zur\u00fcckzuhalten, um Vorteile f\u00fcr sich zu erm\u00f6glichen.<br \/>\nEinsch\u00fcchterung und Missbrauch mobbing \u2013 k\u00f6rperliche und verbale Attacken h\u00f6hlen aus, entw\u00fcrdigen.<br \/>\nZum Schweigen bringen als Machtmittel, der Teil der nicht passt f\u00e4llt aus der versprachlichten Realit\u00e4t heraus,wird tabu und unsichtbar.<\/p>\n<\/div><footer class=\"entry-footer\"><\/footer><div class='post_delimiter'><\/div><\/div><div class='post_author_timeline'><\/div><span class='hidden'>\n\t\t\t\t<span class='av-structured-data'  itemprop=\"image\" itemscope=\"itemscope\" itemtype=\"https:\/\/schema.org\/ImageObject\" >\n\t\t\t\t\t\t<span itemprop='url'>http:\/\/integrale-szene.de\/wordpress\/wp-content\/uploads\/2021\/04\/logo-integrale-szene.png<\/span>\n\t\t\t\t\t\t<span itemprop='height'>0<\/span>\n\t\t\t\t\t\t<span itemprop='width'>0<\/span>\n\t\t\t\t<\/span>\n\t\t\t\t<span class='av-structured-data'  itemprop=\"publisher\" itemtype=\"https:\/\/schema.org\/Organization\" itemscope=\"itemscope\" >\n\t\t\t\t\t\t<span itemprop='name'>susanya<\/span>\n\t\t\t\t\t\t<span itemprop='logo' itemscope itemtype='https:\/\/schema.org\/ImageObject'>\n\t\t\t\t\t\t\t<span itemprop='url'>http:\/\/integrale-szene.de\/wordpress\/wp-content\/uploads\/2021\/04\/logo-integrale-szene.png<\/span>\n\t\t\t\t\t\t <\/span>\n\t\t\t\t<\/span><span class='av-structured-data'  itemprop=\"author\" itemscope=\"itemscope\" itemtype=\"https:\/\/schema.org\/Person\" ><span itemprop='name'>susanya<\/span><\/span><span class='av-structured-data'  itemprop=\"datePublished\" datetime=\"2010-02-28T15:41:02+01:00\" >2010-02-28 15:41:02<\/span><span class='av-structured-data'  itemprop=\"dateModified\" itemtype=\"https:\/\/schema.org\/dateModified\" >2010-02-28 20:26:38<\/span><span class='av-structured-data'  itemprop=\"mainEntityOfPage\" itemtype=\"https:\/\/schema.org\/mainEntityOfPage\" ><span itemprop='name'>U-Prozess H\u00f6ren Stille<\/span><\/span><\/span><\/article><article class='post-entry post-entry-type-standard post-entry-158 post-loop-7 post-parity-odd single-small  post-158 post type-post status-publish format-standard hentry category-isam'  itemscope=\"itemscope\" itemtype=\"https:\/\/schema.org\/BlogPosting\" ><div class='blog-meta'><a href='http:\/\/integrale-szene.de\/wordpress\/3-und-1-korper-sinnliches-und-schwingendes-im-wir-raum\/' class='small-preview'  title=\"3 und 1 K\u00f6rper - Sinnliches und Schwingendes im Wir raum\"   itemprop=\"image\" itemscope=\"itemscope\" itemtype=\"https:\/\/schema.org\/ImageObject\" ><span class=\"iconfont\" aria-hidden='true' data-av_icon='\ue836' data-av_iconfont='entypo-fontello'><\/span><\/a><\/div><div class='entry-content-wrapper clearfix standard-content'><header class=\"entry-content-header\"><h2 class='post-title entry-title '  itemprop=\"headline\" >\t<a href='http:\/\/integrale-szene.de\/wordpress\/3-und-1-korper-sinnliches-und-schwingendes-im-wir-raum\/' rel='bookmark' title='Permanenter Link zu: 3 und 1 K\u00f6rper &#8211; Sinnliches und Schwingendes im Wir raum'>3 und 1 K\u00f6rper &#8211; Sinnliches und Schwingendes im Wir raum\t\t\t<span class='post-format-icon minor-meta'><\/span>\t<\/a><\/h2><span class='post-meta-infos'><time class='date-container minor-meta updated' >17. Februar 2010<\/time><span class='text-sep text-sep-date'>\/<\/span><span class='comment-container minor-meta'><a href=\"http:\/\/integrale-szene.de\/wordpress\/3-und-1-korper-sinnliches-und-schwingendes-im-wir-raum\/#respond\" class=\"comments-link\" >0 Kommentare<\/a><\/span><span class='text-sep text-sep-comment'>\/<\/span><span class=\"blog-categories minor-meta\">in <a href=\"http:\/\/integrale-szene.de\/wordpress\/category\/isam\/\" rel=\"tag\">Isam<\/a> <\/span><span class=\"text-sep text-sep-cat\">\/<\/span><span class=\"blog-author minor-meta\">von <span class=\"entry-author-link\"  itemprop=\"author\" ><span class=\"author\"><span class=\"fn\"><a href=\"http:\/\/integrale-szene.de\/wordpress\/author\/susanya\/\" title=\"Beitr\u00e4ge von susanya\" rel=\"author\">susanya<\/a><\/span><\/span><\/span><\/span><\/span><\/header><div class=\"entry-content\"  itemprop=\"text\" ><p><strong>24 Januar\u00a0 2010<\/strong> zu dreizehnt eintauchen in das sinnliche, subtile Miteinander , bereit den Zeugen auftauchen zu lassen, verwurzelt und gut geerdet in das gebildete Miteinander. Die magische Zahl 12 plus 1 tr\u00e4gt.<\/p>\n<p><strong>Wir sammeln was in uns wach wird wenn es um die drei K\u00f6rper geht.<\/strong><\/p>\n<p><span style=\"text-decoration: underline;\">Der sinnliche K\u00f6rper<\/span><\/p>\n<p>gibt Kunde, Balance Wohlgef\u00fchl Leichtigkeit . Eingewoben sein durch die Rolle, in Kontexten gepr\u00e4gt durch Erwartung und Entsprechung. Kann Sicherheit bieten und auch Einengung und Fixierung bedeuten. Ort der reaktiver Muster, die durch die Erfahrung gebahnt sind. Der Ort indem das Begehren nach creativem Ausdruck\u00a0 erwachen kann. Die Einladung die Erde in uns sp\u00fcren,\u00a0 im Herz Bauchraum tragen &#8211; aufrecht sein, aufrichtig,\u00a0 eine aufrichtende Kraft erw\u00e4gen. Dort wo Aggression das Sp\u00fcren blockieren kann. Zellul\u00e4res Bewusstsein, inh\u00e4rent lebendige Potentialit\u00e4t vibrierend &#8211; sickernde Emotionen, die sich mit der Lebenskraft verbinden<\/p>\n<p><span style=\"text-decoration: underline;\">der subtile K\u00f6rp<\/span>er<\/p>\n<p>Klarheit , Freude,\u00a0 Neugierde,\u00a0 Spannungsfeld Unsicherheit, K\u00f6rperwirrnisse ,Sensorium f\u00fcr Mustererkennung, imaginative Prozesse, Bildsch\u00f6pfungsraum, Seelenk\u00f6rper,\u00a0 kann wachgerufen werden. Ist in der Essenz bedingungslose Liebe, die sich als Offenheit ausdr\u00fcckt. Herzens\u00f6ffnung mit Schwingungsfeld, das durch Ausrichtung auf ein Du strahlend werden kann &#8211; Intuition . \u00dcbergangsraum &#8211; Passage\u00a0 des Einsamen, der herausgefallen ist aus der Verbundenheit, depressiv bleibt.\u00a0 Im Selbstausdruck unterdr\u00fcckt , hin zum Sozialkontakt sich aktiv ausrichtend, den intersubjektiven Raum erkundend mit der Frage :was entspricht mir im Wir?<\/p>\n<p><span style=\"text-decoration: underline;\">der nonduale bezeugende K\u00f6rper<\/span><\/p>\n<p>flow &#8211; rausfallen aus der Welt in die Heiligkeit,\u00a0 Freiheit und Grenzenlosigkeit, immer wissend. Das authentische Sein im Grenzgang , im Spannungsfeld des Mentalen, Ausflockung der Gedanken. Die Gefahr der Gedankenreproduktion, als in sich geschlossener Vorgang, der abtrennt realisieren. Ein Raum der Erkenntnis indem die undurchsichtige Welt\u00a0 als\u00a0 etwas Aufgehendes erlebt , als sch\u00f6n empfunden werden kann. Gefahr der Bewertung des\u00a0 Zensors bannen. Lichtblick &#8211; reine Essenz. Leere aus der alles auftauchen kann<\/p>\n<p>Die Gleichg\u00fcltigkeit anerkennen,\u00a0 allem den Wert des in Erscheinung tretenden beimessen und Gleichmut willentlich aktivieren als Chance ergreifen. In der Pathologie das verschlossen sein und sich selbst\u00a0 als handlungsunf\u00e4hig erleben.Verflossene Zwischenr\u00e4ume &#8211; Zwischenst\u00e4nde im Nichts.\u00a0 Eine Instanz ,die wahrnimmt. Erlelbbar wie im schwarzen fl\u00fcssigen Samt allein zu sein &#8211; zugleich massiv und grenzenlose Stille. \u00d6ffnung zum Jetzt erm\u00f6glicht \u00d6ffnung zum Wir, er\u00f6ffnet das G\u00f6ttliche im Augenblick.<\/p>\n<p><strong>Wir fragen nach der Art , dem Schwingungsmuster eines Wir Gef\u00fchls <\/strong><\/p>\n<p>Woran sp\u00fcren wir unser Verbundensein? Ein Hinweis ist das Inter-esse, das Zusammensein im zwischen, uns Sinn stiftendes, schaffendes, das sich als Wert und W\u00fcrde ausdr\u00fcckt im Erf\u00fcllt sein, in erf\u00fchltem Sein.<\/p>\n<p>Wichtig scheint es uns als n\u00e4chste Stufe <strong>die Vorbehalte zu \u00e4u\u00dfern<\/strong>, die das Ich vor der Gr\u00f6\u00dfe des Wirs zur\u00fcckweichen lassen. Die \u00c4ngste , das nicht Dasein k\u00f6nnen, Gef\u00fchle wie Trauer Verzweiflung, Entt\u00e4uschung als Stimmungsbilder im Inneren, als Filter der Wahrnehmung, als geronnene Gef\u00fchlsmuster.<\/p>\n<p><strong>Die Vision <\/strong>ist, das\u00a0 ein leichteres,leuchterendes miteinander m\u00f6glich ist. Als\u00a0 Bild taucht ein kugelf\u00f6rmiger Raum auf . Wir \u00fcben Fragen wie Anker in die Tiefe zu setzen, \u00fcber den Wissenspool in den Wirbel des bejahten Nichtwissens zu gelangen. Uns arrangieren mit der pulsierenden Unsch\u00e4rfe. Der alte &#8211; gewordene, gewohnte\u00a0 Wir Kontakt bleibt eine Reling, eine Absprungsbasis.\u00a0 Wechsel von der Ausrichtung\u00a0 auf ein Ziel , als das\u00a0 in der Ferne liegende im Abstand zum gegenw\u00e4rtigen Zustand &#8211; hin zum unmittelbaren Sinn als erlebbarer, sich gestaltender\u00a0 Prozess.<\/p>\n<p><strong>Wichtig\u00a0 ist die Intention zur achtsamen Offenheit, zum Gleichmut, die aktiv von der reifen Individualit\u00e4t aufgebaut wird, spiritueller Wille in Aktion. <\/strong><\/p>\n<p><strong>Wer gibt dem Wir ? Der geistige Raum als gemeinsamer Hintergrund wird substantiell, bildet sich durch Herzgeist, durch inwendige Sammlung .<\/strong><\/p>\n<p>Der Begriff der<strong> selbstreflexiven Resonanz <\/strong> hei\u00dft f\u00e4hig zu werden eine Metaebene zu halten, indem der Entstehungsprozess als Kontext f\u00fcr das Erscheinende verifziert, bewahrheitet wird. \u00dcbereinstimmung unten links durch aktualisieren . Gesichert wird das Emporsteigen in neue Freir\u00e4ume durch sprachliche R\u00fcckkopplung an bereits als verbindlich und verst\u00e4ndlich anerkannte Aussagen.<\/p>\n<p><strong>Das Wir als Kulturbilderaum &#8211; als Sch\u00f6pfungsfeld<\/strong>.<strong><\/strong><\/p>\n<p><strong> Die Frage nach dem Nicht Wir<\/strong> &#8211; wirft den Grenzbegriff auf. Der Nexus als verbindendes Muster. Unterscheiden zwischen dem intersubjektiven Wir unten links und dem subjektiven , in mir individuell gebildeten Wir. Gibt es ein grundlegendes Bed\u00fcrfnis nach dem Wir? In welchem Verh\u00e4ltnis steht es zur Sprache? Wann zerredet ein Ich ein wir und wann ermittelt es den geistigen Raum, der durch Sprache mitteilbar wird ,der das Verbindende in das differenzierende stellt, integriert. Kann der geteilte geistige Raum das plastische Denken f\u00f6rdern? Was hei\u00dft dann Besinnung auf Wesentliches? Welchen Zustand des Wirs beschreibt das?<\/p>\n<p><strong>Pr\u00e4senz <\/strong>anbieten hei\u00dft die Schwelle von innen nach au\u00dfen\u00a0 durchsichtig, durscheinend werden lassen.<\/p>\n<p><strong>Resonanz <\/strong>aufbauen hei\u00dft\u00a0 die Schwelle von au\u00dfen nach innen  permeabel, durchl\u00e4ssig werden lassen.<\/p>\n<p><span style=\"text-decoration: underline;\">Im Gespr\u00e4chsverhalten<\/span> unterscheiden zwischen einem Angebot , das Raum schafft f\u00fcr freies Handeln im eigenen Inneren als H\u00f6rraum. Und einer Anspruchshaltung, die\u00a0 etwas bestimmtes hervorrufen will. Erzeugt und er\u00f6ffnet im H\u00f6renden Impulse, mit unterschiedlichen Wirksamkeiten. Ersters er\u00f6ffnet den Zukunftsraum und sichert das Str\u00f6men, basierend auf der Weisheit des unmittelbaren, dem Geist der sich versammelt , wenn zwei oder drei in einer Intention versammelt, gesammelt sind. Zweiteres kann provocant Grenzen bewusst machen im Erfahrungs, im wissenden Raum, und dar\u00fcber die L\u00fccke aufsp\u00fcren, die sprungbereit macht.<\/p>\n<p>Die Transzendenz als Mittlerin zwischen Wi\u00dfbegier als Bed\u00fcrfnis und Erkenntnis , als Wahrheitssuche, die sich selbst gen\u00fcgt.<\/p>\n<p><strong>Existenz, Essenz und Evidenz<\/strong><\/p>\n<p>Ist existentielles Bewusstsein bezogen auf die F\u00e4higkeit eine Selbststruktur aufzubauen und aufrechtzuerhalten, eine evolution\u00e4re Kompetenz.\u00a0 Ist essentielles ein Bewusstseinsakt, eine Zustandserfahrung mit vertiefender Wirksamkeit, eine spirituelle Kompetenz?\u00a0 Ein Geistesblitz als Chance zur Evidenz, unmittelbar einleuchtend das Ergebnis, der Ereignishoriont beider Kompetenzen?\u00a0 Zu unterscheiden von effort, der bem\u00fchten Anstrengung und dem\u00a0 Esprit, als Lust am Spiel eines freiwilligen Daseins.<\/p>\n<p>Zusammen SEIN, das aus dem Zusammenhalt entsteht ist beginnendes Wir das das Sein schafft.<\/p>\n<p>Gemeinschaften schaffen Gemeinsames. Mehrwert durch das andere. Den Unterschied erf\u00fchlen und erf\u00fcllen, ausf\u00fcllen mit der Bereitschaft der Ann\u00e4herung, des Ausgleichs, der Befriedung, statt positional zu beharren.<\/p>\n<p><strong>Den Zwischenraum l\u00e4utern<\/strong>,\u00a0 die Stille reifen lassen, gemeinsam schweigen, randlos. Der individuellenKraft, die in Bewegung , nach Ausdruck dr\u00e4ngt, in Intensit\u00e4t transzendieren, l\u00f6sen aus der reaktiven Form ( suspendieren, in der Schwebe halten), in Resonanz das keimende Ich bringen. Bereit neue Schwingungsmuster zu focusieren.<\/p>\n<p><strong>Was ist relevant f\u00fcr das Auftauchen des Wirs?<\/strong> als Schlussakt experimentieren wir mit den aufgetauchten Begriffen in Zweierformationen, die sich als Perspektiven im Gespr\u00e4ch aufeinander beziehen.<\/p>\n<p><strong>Imagination<\/strong> dient der\u00a0 Konfiguration, der\u00a0 Musterkennung &#8211; Den Kontext des Auftauchenden aufbereiten, Zugang zu kosmischem, dem n\u00e4chst gr\u00f6\u00dferen\u00a0 als gemeinsames Dunkelfeld &#8211; Frage: Wir wirkt Intonation &#8211; Klangbilder?<\/p>\n<p><strong>Intuition<\/strong> erm\u00f6glicht Komplexit\u00e4tsvereinfachtung- Subtiles Wahrnehmen beruht auf der transzendierenden Kapazit\u00e4t der Seele, zeigt als Zustand horizontaler Ausdehnung. Ph\u00e4nomenologische Herangehensweise, das Unbekannte erschlie\u00dfen, die Randerscheinung zentral werden lassen. Tieferes Wissen, \u00fcbereinstimmung mit Gesetzm\u00e4\u00dfigkeiten, Wahrheit als gemeinsamstes. Eine Eingebung, die empfangen wird. Ein dialogisches Geschehen, die Anbindung an eine h\u00f6here Weisheit erlaubt. Die Zukunftswahrscheinlichkeit gegen das Abrutschen in die Vergangenheitsm\u00f6glichkeit sichert.<\/p>\n<p><strong>Intention<\/strong> dient der\u00a0 Konkretion.- Im Unterschied\u00a0 einerseits zum Instinkt, als \u00dcberlebenssichernde Selbststruktur basiernd auf der Evolutionsbiologie.\u00a0 Andererseits zu IntelligenzEN, als anpassungsoptimierende Selbstpotentialisierung. Eine\u00a0 handlungsleitenden Kompetenz, die zwischen der Ruhe des Erreichten und der Unruhe des Entstehenden federf\u00fchrend ist.<\/p>\n<p><strong>Inspiration<\/strong> schafft Konzeption \/Konzepte, Zusammenschl\u00fcsse.\u00a0 Erlebbar\u00a0 als\u00a0 Musenkuss , Geistesblitz , als sch\u00f6pferischer Impuls um Neues zu schaffen, das sich im Wir als Feld ver-WIR-klicht.<\/p>\n<p><strong>Inszenierung<\/strong> erm\u00f6glicht\u00a0 Konstellation. Sich des nicht nicht inszenieren k\u00f6nnen\u00a0 bewusst werden. Inszenierung in Inszenierung in Inszenierung, als fortlaufende Aktualisierungschance zur Freiheit hin. Das Ich im Wir erfinden, das Wir im ich erl\u00f6sen.<\/p>\n<p><strong>freien Radikalen<\/strong> Verantwortung f\u00fcr freiwerdende Energie als Integration.\u00a0 SchattenInclusion ( Inclusion -Sicherheitsl\u00fccke im skriptbasierter Web, Zellbiologie &#8211; Einschluss) erweitert den Interpretationsrahmen.\u00a0 Wichtig im Umgang damit ist eine Beziehungskultur, Achtsamkeit, Charakter, Empathie und Kommunion.<\/p>\n<p>Nebst dem reichen DENKMAHL haben wir wunderbar gespeist, viel gelacht, gerungen, uns gewunden und gewundert. Danke Danke Danke<\/p>\n<p>Zur Nachlese empfohlen &#8211; Rudolf Steiner &#8211; Erkenntnis der h\u00f6heren Welten, Shri Aurobindo &#8211; Integrales Yoga<\/p>\n<p>susanya<\/p>\n<\/div><footer class=\"entry-footer\"><\/footer><div class='post_delimiter'><\/div><\/div><div class='post_author_timeline'><\/div><span class='hidden'>\n\t\t\t\t<span class='av-structured-data'  itemprop=\"image\" itemscope=\"itemscope\" itemtype=\"https:\/\/schema.org\/ImageObject\" >\n\t\t\t\t\t\t<span itemprop='url'>http:\/\/integrale-szene.de\/wordpress\/wp-content\/uploads\/2021\/04\/logo-integrale-szene.png<\/span>\n\t\t\t\t\t\t<span itemprop='height'>0<\/span>\n\t\t\t\t\t\t<span itemprop='width'>0<\/span>\n\t\t\t\t<\/span>\n\t\t\t\t<span class='av-structured-data'  itemprop=\"publisher\" itemtype=\"https:\/\/schema.org\/Organization\" itemscope=\"itemscope\" >\n\t\t\t\t\t\t<span itemprop='name'>susanya<\/span>\n\t\t\t\t\t\t<span itemprop='logo' itemscope itemtype='https:\/\/schema.org\/ImageObject'>\n\t\t\t\t\t\t\t<span itemprop='url'>http:\/\/integrale-szene.de\/wordpress\/wp-content\/uploads\/2021\/04\/logo-integrale-szene.png<\/span>\n\t\t\t\t\t\t <\/span>\n\t\t\t\t<\/span><span class='av-structured-data'  itemprop=\"author\" itemscope=\"itemscope\" itemtype=\"https:\/\/schema.org\/Person\" ><span itemprop='name'>susanya<\/span><\/span><span class='av-structured-data'  itemprop=\"datePublished\" datetime=\"2010-02-17T09:59:46+01:00\" >2010-02-17 09:59:46<\/span><span class='av-structured-data'  itemprop=\"dateModified\" itemtype=\"https:\/\/schema.org\/dateModified\" >2010-02-17 09:59:46<\/span><span class='av-structured-data'  itemprop=\"mainEntityOfPage\" itemtype=\"https:\/\/schema.org\/mainEntityOfPage\" ><span itemprop='name'>3 und 1 K\u00f6rper &#8211; Sinnliches und Schwingendes im Wir raum<\/span><\/span><\/span><\/article><article class='post-entry post-entry-type-standard post-entry-165 post-loop-8 post-parity-even single-small  post-165 post type-post status-publish format-standard hentry category-integrale-szene-bayern tag-ilp tag-integrale-perspektiven tag-integrale-szene tag-schatten tag-unique-self'  itemscope=\"itemscope\" itemtype=\"https:\/\/schema.org\/BlogPosting\" ><div class='blog-meta'><a href='http:\/\/integrale-szene.de\/wordpress\/integrale-szene-aktuell\/' class='small-preview'  title=\"Integrale Szene aktuell\"   itemprop=\"image\" itemscope=\"itemscope\" itemtype=\"https:\/\/schema.org\/ImageObject\" ><span class=\"iconfont\" aria-hidden='true' data-av_icon='\ue836' data-av_iconfont='entypo-fontello'><\/span><\/a><\/div><div class='entry-content-wrapper clearfix standard-content'><header class=\"entry-content-header\"><h2 class='post-title entry-title '  itemprop=\"headline\" >\t<a href='http:\/\/integrale-szene.de\/wordpress\/integrale-szene-aktuell\/' rel='bookmark' title='Permanenter Link zu: Integrale Szene aktuell'>Integrale Szene aktuell\t\t\t<span class='post-format-icon minor-meta'><\/span>\t<\/a><\/h2><span class='post-meta-infos'><time class='date-container minor-meta updated' >7. Februar 2010<\/time><span class='text-sep text-sep-date'>\/<\/span><span class='comment-container minor-meta'><a href=\"http:\/\/integrale-szene.de\/wordpress\/integrale-szene-aktuell\/#respond\" class=\"comments-link\" >0 Kommentare<\/a><\/span><span class='text-sep text-sep-comment'>\/<\/span><span class=\"blog-categories minor-meta\">in <a href=\"http:\/\/integrale-szene.de\/wordpress\/category\/integrale-szene-bayern\/\" rel=\"tag\">Integrale Szene Bayern<\/a> <\/span><span class=\"text-sep text-sep-cat\">\/<\/span><span class=\"blog-author minor-meta\">von <span class=\"entry-author-link\"  itemprop=\"author\" ><span class=\"author\"><span class=\"fn\"><a href=\"http:\/\/integrale-szene.de\/wordpress\/author\/susanya\/\" title=\"Beitr\u00e4ge von susanya\" rel=\"author\">susanya<\/a><\/span><\/span><\/span><\/span><\/span><\/header><div class=\"entry-content\"  itemprop=\"text\" ><div class=\"csc-textpic-text\">\n<p class=\"bodytext\" style=\"text-align: left;\"><img decoding=\"async\" loading=\"lazy\" class=\"aligncenter size-medium wp-image-177\" style=\"margin: 5px;\" title=\"eiqualle\" src=\"http:\/\/integrale-szene.de\/wordpress\/wp-content\/uploads\/2010\/02\/eiqualle-300x225.jpg\" alt=\"eiqualle\" width=\"300\" height=\"225\" align=\"left\" srcset=\"http:\/\/integrale-szene.de\/wordpress\/wp-content\/uploads\/2010\/02\/eiqualle-300x225.jpg 300w, http:\/\/integrale-szene.de\/wordpress\/wp-content\/uploads\/2010\/02\/eiqualle.jpg 550w\" sizes=\"(max-width: 300px) 100vw, 300px\" \/><\/p>\n<p class=\"bodytext\" style=\"text-align: left;\">\n<p class=\"bodytext\" style=\"text-align: left;\"><strong>Aktuell &#8211; Donnerstag 10 Juni &#8211; 19 bis 21.30 Uhr<br \/>\n<\/strong><\/p>\n<p class=\"bodytext\" style=\"text-align: left;\">Am Westpark 7 im TZW &#8211; Therapiezentrum West <strong><br \/>\n<\/strong><\/p>\n<p class=\"bodytext\" style=\"text-align: left;\"><strong>unique self &#8211; das einzigartige Selbst <\/strong>leben hei\u00dft die pers\u00f6nliche Perspektive\u00a0 als g\u00f6ttlich anzuerkennen\u00a0 und sie als solche als Gabe und Verpflichtung zu betrachten, als den eigenen Beitrag zu evolution\u00e4rer Spiritualit\u00e4t, der dringend gebraucht wird. Wie k\u00f6nnen wir uns dessen gewahr werden und welche Formen braucht es im Umgang miteinander.<\/p>\n<p class=\"bodytext\" style=\"text-align: left;\">Wir befassen uns mit Aspekten dieses Ansatzes, als Vorbereitung zum workshop am 24 Juni in der Lothstra\u00dfe 5.<\/p>\n<p class=\"bodytext\" style=\"text-align: left;\">\n<p class=\"bodytext\" style=\"text-align: left;\">\n<p class=\"bodytext\" style=\"text-align: left;\">\n<p class=\"bodytext\" style=\"text-align: left;\">\n<p class=\"bodytext\" style=\"text-align: left;\">\n<p class=\"bodytext\" style=\"text-align: left;\">\n<p class=\"bodytext\" style=\"text-align: left;\">\n<p class=\"bodytext\" style=\"text-align: left;\">Seit November 2009 gibt es die Integrale Szene in M\u00fcnchen Stadt, ein circa 3 st\u00fcndiges Abendangebot, jeden 2 und 3 Donnerstag im Monat am Westpark.<\/p>\n<p class=\"bodytext\">Im <a class=\"external-link-new-window\" href=\"http:\/\/www.tzw-muenchen.de\/\" target=\"_blank\" rel=\"noopener\"><img decoding=\"async\" src=\"http:\/\/if.integralesforum.org\/fileadmin\/img\/icons\/external_link_new_window.gif\" alt=\"\" \/>www.tzw-muenchen.de<\/a> , zu Gast bei Peter Tillmann, experimentieren wir mit dem Aufbau und der Entwicklung einer offenen community, sangha, Formation.<\/p>\n<p class=\"bodytext\">Offen f\u00fcr integral Interessierte und evolution\u00e4r Ausgerichtete Mitmenschen bieten wir ein forum f\u00fcr Austausch und Kennenlernen der Integralen Philosphie<\/p>\n<p class=\"bodytext\">\n<p class=\"bodytext\"><strong>Jeden 2 Donnerstag ist ILP <\/strong>&#8211; die integrale Lebenspraxis Inhalt des Abends. Die\u00a0 4 Module, K\u00f6rper, Geist, Schatten und spirit\u00a0 werden von den Teilnehmenden mit Methoden ihrer eigenen Praxis gegenseitig vorgestellt.<\/p>\n<p class=\"bodytext\">Idee ist es die eigene Praxis zu vermitteln, an den Fragen zu reifen und unter integralen Gesichtspunkten zu vertiefen.<\/p>\n<p class=\"bodytext\">Ein offener Zeit-Raum bleibt f\u00fcr das WIR als Spielfeld.<\/p>\n<p class=\"bodytext\">\n<p class=\"bodytext\"><strong>Jeden 3 Donnerstag geht es um die &#8220; lebendige Theorie&#8220;<\/strong>, die integrale Matrix an sich, Aktuelles wie Seminare, Tagungen und einen selbstgew\u00e4hlten Focus.<\/p>\n<p class=\"bodytext\">In Form eines moderierten Dialogs wechseln sich Beitr\u00e4ge mit dialogischen Erkundungen ab, Meditation und spontanen Inszenierungen wird Raum gegeben.<\/p>\n<p class=\"bodytext\">\n<p class=\"bodytext\">\n<p class=\"bodytext\"><strong>Themenr\u00fcckblick <\/strong><\/p>\n<p class=\"bodytext\"><strong>im Februar<\/strong> besch\u00e4ftigen wir uns , angelehnt an Fasching, die Maskenzeit, mit dem Schatten. In der Praxis\u00a0 der 3 2 1 Prozess. In dem Diskurs geht es\u00a0 um Trauma in Abgrenzung zum Schatten\u00a0 &#8211; Klaus Lang &#8211; vermittelt uns Grundlagen zur Unterscheidung und Herangehensweise. Rainer Weber wird sich mit Definitionen des Schattenbegriffs und Anregungen zu der Frage kollektiver und individueller Schatten einbringen.<\/p>\n<p class=\"bodytext\">\n<p class=\"bodytext\"><strong>im M\u00e4rz <\/strong>besch\u00e4ftigen wir uns mit\u00a0 integralem coaching. Karsten Beuchert berichtet aus einer Forschungsgruppe innerhalb einer Projektgruppe im timeless wisdom Training von Thomas H\u00fcbl. Lydia Herold wird spiral dynmics durch Rolf Lutterbecks Ansatz\u00a0 f\u00fcr das Unternehmen darstellen.\u00a0 Als special guest haben wir Roland G\u00fcnther eingeladen der aus seiner Unternehmert\u00e4tigkeit eine Variante des SPI vorstellt.<\/p>\n<p class=\"bodytext\">\n<p class=\"bodytext\"><strong>im April<\/strong> geht es um big mind. Nachdem Diane Hamiliton dieses Jahr Gast auf der Tagung des integralen Forums ist und bereits im M\u00e4rz in der Villa Unspunnen big mind vorstellt greifen wir das auf.<\/p>\n<p class=\"bodytext\">\n<p><strong>Im Mai <\/strong>werden wir uns ebenfalls als Vorbereitung zu dem Seminar der beiden mit dem unique self befassen, in Bezug und m\u00f6glicherweise Abgrenzung zum authentischen selbst von Andrew Cohen. Ein Aspekt in diesem Kontext wird der Wille sein, bezugnehmend auf das Buch von Tom Amarque.<\/p>\n<p><strong>im November<\/strong> der Tod, das  Sterben, die Bardozust\u00e4nde<\/p>\n<p><strong>i<\/strong><strong>m Dezember <\/strong>haben wir uns intensivst\u00a0 dem zweiten  Gesicht Gottes und der Praxis des Gebetes zugewendet.<\/p>\n<p><strong>Im Januar<\/strong> ging es um Neurophysiologie unter dem  Aspekt Angst\u00a0 und die Chancen der Neukonditionierung.<\/p>\n<p class=\"bodytext\">\n<p class=\"bodytext\">\n<\/div>\n<\/div><footer class=\"entry-footer\"><\/footer><div class='post_delimiter'><\/div><\/div><div class='post_author_timeline'><\/div><span class='hidden'>\n\t\t\t\t<span class='av-structured-data'  itemprop=\"image\" itemscope=\"itemscope\" itemtype=\"https:\/\/schema.org\/ImageObject\" >\n\t\t\t\t\t\t<span itemprop='url'>http:\/\/integrale-szene.de\/wordpress\/wp-content\/uploads\/2021\/04\/logo-integrale-szene.png<\/span>\n\t\t\t\t\t\t<span itemprop='height'>0<\/span>\n\t\t\t\t\t\t<span itemprop='width'>0<\/span>\n\t\t\t\t<\/span>\n\t\t\t\t<span class='av-structured-data'  itemprop=\"publisher\" itemtype=\"https:\/\/schema.org\/Organization\" itemscope=\"itemscope\" >\n\t\t\t\t\t\t<span itemprop='name'>susanya<\/span>\n\t\t\t\t\t\t<span itemprop='logo' itemscope itemtype='https:\/\/schema.org\/ImageObject'>\n\t\t\t\t\t\t\t<span itemprop='url'>http:\/\/integrale-szene.de\/wordpress\/wp-content\/uploads\/2021\/04\/logo-integrale-szene.png<\/span>\n\t\t\t\t\t\t <\/span>\n\t\t\t\t<\/span><span class='av-structured-data'  itemprop=\"author\" itemscope=\"itemscope\" itemtype=\"https:\/\/schema.org\/Person\" ><span itemprop='name'>susanya<\/span><\/span><span class='av-structured-data'  itemprop=\"datePublished\" datetime=\"2010-02-07T17:56:16+01:00\" >2010-02-07 17:56:16<\/span><span class='av-structured-data'  itemprop=\"dateModified\" itemtype=\"https:\/\/schema.org\/dateModified\" >2010-06-10 14:52:17<\/span><span class='av-structured-data'  itemprop=\"mainEntityOfPage\" itemtype=\"https:\/\/schema.org\/mainEntityOfPage\" ><span itemprop='name'>Integrale Szene aktuell<\/span><\/span><\/span><\/article><article class='post-entry post-entry-type-standard post-entry-168 post-loop-9 post-parity-odd single-small  post-168 post type-post status-publish format-standard hentry category-isam tag-integraler-salon tag-kollektive-weisheit tag-wilber'  itemscope=\"itemscope\" itemtype=\"https:\/\/schema.org\/BlogPosting\" ><div class='blog-meta'><a href='http:\/\/integrale-szene.de\/wordpress\/integraler-salon-isam-aktueller-zyklus\/' class='small-preview'  title=\"Integraler Salon Isam aktueller Zyklus\"   itemprop=\"image\" itemscope=\"itemscope\" itemtype=\"https:\/\/schema.org\/ImageObject\" ><span class=\"iconfont\" aria-hidden='true' data-av_icon='\ue836' data-av_iconfont='entypo-fontello'><\/span><\/a><\/div><div class='entry-content-wrapper clearfix standard-content'><header class=\"entry-content-header\"><h2 class='post-title entry-title '  itemprop=\"headline\" >\t<a href='http:\/\/integrale-szene.de\/wordpress\/integraler-salon-isam-aktueller-zyklus\/' rel='bookmark' title='Permanenter Link zu: Integraler Salon Isam aktueller Zyklus'>Integraler Salon Isam aktueller Zyklus\t\t\t<span class='post-format-icon minor-meta'><\/span>\t<\/a><\/h2><span class='post-meta-infos'><time class='date-container minor-meta updated' >7. Februar 2010<\/time><span class='text-sep text-sep-date'>\/<\/span><span class='comment-container minor-meta'><a href=\"http:\/\/integrale-szene.de\/wordpress\/integraler-salon-isam-aktueller-zyklus\/#respond\" class=\"comments-link\" >0 Kommentare<\/a><\/span><span class='text-sep text-sep-comment'>\/<\/span><span class=\"blog-categories minor-meta\">in <a href=\"http:\/\/integrale-szene.de\/wordpress\/category\/isam\/\" rel=\"tag\">Isam<\/a> <\/span><span class=\"text-sep text-sep-cat\">\/<\/span><span class=\"blog-author minor-meta\">von <span class=\"entry-author-link\"  itemprop=\"author\" ><span class=\"author\"><span class=\"fn\"><a href=\"http:\/\/integrale-szene.de\/wordpress\/author\/susanya\/\" title=\"Beitr\u00e4ge von susanya\" rel=\"author\">susanya<\/a><\/span><\/span><\/span><\/span><\/span><\/header><div class=\"entry-content\"  itemprop=\"text\" ><div class=\"csc-textpic-text\">\n<p class=\"bodytext\"><strong>ISAM &#8211; integrale Salon M\u00fcnchen <\/strong><\/p>\n<p class=\"bodytext\">\n<p><img decoding=\"async\" loading=\"lazy\" class=\"size-medium wp-image-172\" style=\"margin: 5px;\" title=\"integralersalonwirbel\" src=\"http:\/\/integrale-szene.de\/wordpress\/wp-content\/uploads\/2010\/02\/integralersalonwirbel-300x203.jpg\" alt=\"Integraler Wirbel\" width=\"300\" height=\"203\" align=\"left\" srcset=\"http:\/\/integrale-szene.de\/wordpress\/wp-content\/uploads\/2010\/02\/integralersalonwirbel-300x203.jpg 300w, http:\/\/integrale-szene.de\/wordpress\/wp-content\/uploads\/2010\/02\/integralersalonwirbel.jpg 550w\" sizes=\"(max-width: 300px) 100vw, 300px\" \/><\/p>\n<p><strong>aktueller Salon &#8211; Sonntag der 13 Juni 2010<\/strong><\/p>\n<p>Zum grande finale das unique self und die Frage wie k\u00f6nnen wir uns in der Entwicklung unser Erleuchtung, F\u00fclle unterst\u00fctzen. Wir besch\u00e4ftigen uns mit den Fragen die auch im workshop auf uns zukommen und ich gebe ein paar Einblicke in das aktuelle Teleseminar von Marc Gafni.<\/p>\n<p>Wir treffen uns tendentiell den dritten Sonntag im Monat von 10 bis 17 Uhr in der Haimhauserstr. 46\u00a0 in 85716 Unterschleissheim \/ Lohhof S\u00fcd.<\/p>\n<p class=\"bodytext\">Mit den \u00f6ffentlichen Verkehrsmitteln\u00a0 erreichbar \u00fcber die S1 Richtung Flughafen, in den Bus 219 a steigen bis zur Haimhauserstra\u00dfe. Wahlweise mit der U6 Richtung Garching Forschungszentrum in Garching Hochbr\u00fcck austeigen und ebenfalls den Bus 219a nehmen. Parkpl\u00e4tze sind vorhanden.<\/p>\n<p class=\"bodytext\">Da wir gemeinsam speisen lebt der Tag von den mitgebrachten Gaben f\u00fcrs B\u00fcffett. Eine Kultur des Schenkens zu etablieren hei\u00dft nach eigenem Ermessen Wertsch\u00e4tzung in Form eine Spende auszudr\u00fccken.<\/p>\n<p class=\"bodytext\">Im aktuellen Zyklus befassen wir uns mit dem <strong>WIR<\/strong> &#8211; der kollektiven Weisheit<\/p>\n<p class=\"bodytext\">Begonnen am 22 <span style=\"text-decoration: underline;\">November<\/span> mit der Frage was ist <strong>Das Wir Gef\u00fchl<\/strong>Was ist ein <strong>wir <\/strong>eigentlich und wie k\u00f6nnen wir es f\u00fchlen? Wodurch taucht es auf? Womit nehme ich es wahr?<\/p>\n<p class=\"bodytext\">Am 13 <span style=\"text-decoration: underline;\">Dezember<\/span> ging es um spiral dynamics und die Vorbedingungen zum Wandel von einer Stufe zur n\u00e4chsten.<\/p>\n<p class=\"bodytext\">Am 24 J<span style=\"text-decoration: underline;\">anuar<\/span> ging es um die Wahrnehmung des Wirs durch unsere 3 K\u00f6rper.<\/p>\n<p class=\"bodytext\">Am 21 <span style=\"text-decoration: underline;\">Februar<\/span> werden wir uns dem\u00a0 U Prozess, den Aufmerksamkeitsfeldern und der Stille als Keimzone f\u00fcr Kreativit\u00e4t widmen. Komunion als Wendepunkt f\u00fcr das reife Ich.<\/p>\n<p class=\"bodytext\">Am 21 <span style=\"text-decoration: underline;\">M\u00e4rz <\/span>treffen wir uns zur Frage des Eros als treibende Kraft und die Spannung die im Ich entsteht wenn das Wir zur Hingabe einl\u00e4dt. Die Qualit\u00e4ten eines weiblich m\u00e4nnlich balancierten Menschseins als Chance f\u00fcr ein second thier Bewusstsein. Was ist dadurch m\u00f6glich an Miteinander?<\/p>\n<p class=\"bodytext\">Am 18<span style=\"text-decoration: underline;\"> April <\/span>untersuchen wir\u00a0 bestehende Formationen die sich dem integralen, evolution\u00e4ren Impuls verschrieben haben. Mit der Frage wie und durch was gelingt der Zugang zu einer h\u00f6heren, komplexeren Wirklichkeit und gleichzeitig eine Manifestation die dem Wohle des Ganzen dient.<\/p>\n<p class=\"bodytext\">Am 16\u00a0 <span style=\"text-decoration: underline;\">Mai <\/span>nah dran am Kirchentag Spiritualit\u00e4t heute, was suchen wir wirklich?<\/p>\n<\/div>\n<\/div><footer class=\"entry-footer\"><\/footer><div class='post_delimiter'><\/div><\/div><div class='post_author_timeline'><\/div><span class='hidden'>\n\t\t\t\t<span class='av-structured-data'  itemprop=\"image\" itemscope=\"itemscope\" itemtype=\"https:\/\/schema.org\/ImageObject\" >\n\t\t\t\t\t\t<span itemprop='url'>http:\/\/integrale-szene.de\/wordpress\/wp-content\/uploads\/2021\/04\/logo-integrale-szene.png<\/span>\n\t\t\t\t\t\t<span itemprop='height'>0<\/span>\n\t\t\t\t\t\t<span itemprop='width'>0<\/span>\n\t\t\t\t<\/span>\n\t\t\t\t<span class='av-structured-data'  itemprop=\"publisher\" itemtype=\"https:\/\/schema.org\/Organization\" itemscope=\"itemscope\" >\n\t\t\t\t\t\t<span itemprop='name'>susanya<\/span>\n\t\t\t\t\t\t<span itemprop='logo' itemscope itemtype='https:\/\/schema.org\/ImageObject'>\n\t\t\t\t\t\t\t<span itemprop='url'>http:\/\/integrale-szene.de\/wordpress\/wp-content\/uploads\/2021\/04\/logo-integrale-szene.png<\/span>\n\t\t\t\t\t\t <\/span>\n\t\t\t\t<\/span><span class='av-structured-data'  itemprop=\"author\" itemscope=\"itemscope\" itemtype=\"https:\/\/schema.org\/Person\" ><span itemprop='name'>susanya<\/span><\/span><span class='av-structured-data'  itemprop=\"datePublished\" datetime=\"2010-02-07T17:50:49+01:00\" >2010-02-07 17:50:49<\/span><span class='av-structured-data'  itemprop=\"dateModified\" itemtype=\"https:\/\/schema.org\/dateModified\" >2010-06-10 15:10:21<\/span><span class='av-structured-data'  itemprop=\"mainEntityOfPage\" itemtype=\"https:\/\/schema.org\/mainEntityOfPage\" ><span itemprop='name'>Integraler Salon Isam aktueller Zyklus<\/span><\/span><\/span><\/article><article class='post-entry post-entry-type-standard post-entry-109 post-loop-10 post-parity-even single-small  post-109 post type-post status-publish format-standard hentry category-isam'  itemscope=\"itemscope\" itemtype=\"https:\/\/schema.org\/BlogPosting\" ><div class='blog-meta'><a href='http:\/\/integrale-szene.de\/wordpress\/werte-individuell-und-kollektiv-betrachtet-integrieren-und-transzendieren-2\/' class='small-preview'  title=\"Werte - individuell und kollektiv betrachtet - Integrieren und transzendieren\"   itemprop=\"image\" itemscope=\"itemscope\" itemtype=\"https:\/\/schema.org\/ImageObject\" ><span class=\"iconfont\" aria-hidden='true' data-av_icon='\ue836' data-av_iconfont='entypo-fontello'><\/span><\/a><\/div><div class='entry-content-wrapper clearfix standard-content'><header class=\"entry-content-header\"><h2 class='post-title entry-title '  itemprop=\"headline\" >\t<a href='http:\/\/integrale-szene.de\/wordpress\/werte-individuell-und-kollektiv-betrachtet-integrieren-und-transzendieren-2\/' rel='bookmark' title='Permanenter Link zu: Werte &#8211; individuell und kollektiv betrachtet &#8211; Integrieren und transzendieren'>Werte &#8211; individuell und kollektiv betrachtet &#8211; Integrieren und transzendieren\t\t\t<span class='post-format-icon minor-meta'><\/span>\t<\/a><\/h2><span class='post-meta-infos'><time class='date-container minor-meta updated' >20. Dezember 2009<\/time><span class='text-sep text-sep-date'>\/<\/span><span class='comment-container minor-meta'><a href=\"http:\/\/integrale-szene.de\/wordpress\/werte-individuell-und-kollektiv-betrachtet-integrieren-und-transzendieren-2\/#respond\" class=\"comments-link\" >0 Kommentare<\/a><\/span><span class='text-sep text-sep-comment'>\/<\/span><span class=\"blog-categories minor-meta\">in <a href=\"http:\/\/integrale-szene.de\/wordpress\/category\/isam\/\" rel=\"tag\">Isam<\/a> <\/span><span class=\"text-sep text-sep-cat\">\/<\/span><span class=\"blog-author minor-meta\">von <span class=\"entry-author-link\"  itemprop=\"author\" ><span class=\"author\"><span class=\"fn\"><a href=\"http:\/\/integrale-szene.de\/wordpress\/author\/susanya\/\" title=\"Beitr\u00e4ge von susanya\" rel=\"author\">susanya<\/a><\/span><\/span><\/span><\/span><\/span><\/header><div class=\"entry-content\"  itemprop=\"text\" ><p>Am 13 Dezember mit Kaminfeuer und leckerstem Essen haben wir den Freidenkerschein gemacht und sind getragen von der dem Ganzen immanenten Stille in Lichtungen und leere R\u00e4ume in Verdichtungen und Arbeitsfelder eingetaucht<\/p>\n<p>Begonnen haben wir mit der Bitte 3 individuelle und 3 kollektiv ausgerichtete Werte zu benennen<br \/>\n<strong><br \/>\nindividuell<\/strong><br \/>\nintegrale Lebenspraxis<br \/>\nerfahren begreifen entwickeln &#8211; Pers\u00f6nliches Wachstum und Entwicklung &#8211; Streben nach Erkenntnis<br \/>\nBewusst Sein &#8211; f\u00fchle tue bin ich als Reflexion<br \/>\nin \u00dcbereinstimmung mit inneren Werten zu leben &#8211; GEISTES gegenw\u00e4rtig<br \/>\nsich selbst treu bleiben &#8211; Treue zu den mir Vertrauten, dem wir Bedeutsamen &#8211; innere Ausrichtung auf bewahren und vertiefen<br \/>\nWahrheit &#8211; Radikalit\u00e4t &#8211; bejahen, anerkennen der eigenen Lebenswirklichkeit\/ Wirksamkeit<br \/>\nAuthentizit\u00e4t &#8211; die eigenen Gaben verwirklichen<\/p>\n<p>Verantwortung<br \/>\nVerantwortlichkeit nach innen und au\u00dfen , dem Ganzen gegen\u00fcber, \u00fcbernehmen und tragen,Pflichtgef\u00fchl<br \/>\nHandeln zum Gemeinwohl \/ Gemeinschaftswohl Zivilcourage<br \/>\nMenschenfreundlichkeit \/ Aktzeptanz\/ Respekt<br \/>\nMenschlichkeit &#8211; bewusst Leid vermeiden W\u00fcrde wahren als Schutzzone und Wachstumsraum<br \/>\nErfahrungen und Visionen austauschen und teilen<\/p>\n<p>Spiritualit\u00e4t<br \/>\nStille &#8211; wider den L\u00e4rm der Gesch\u00e4ftigkeit<br \/>\nBalance schaffen zwischen Freiheit und F\u00fclle basierend auf dem Herzssutra<br \/>\nTiefe &#8211; ergr\u00fcnden des inneren Raumes auf Wesentliches ausgerichtet sein<br \/>\nErsp\u00fcren des Willens( spiritueller Wille) im anderen &#8211; helfen zukunftsf\u00e4hig zu werden ( das zuk\u00fcnftige Selbst im Blick)<br \/>\nEngagement f\u00fcr Wahrhaftigkeit &#8211; Protestare &#8211; einstehen f\u00fcr etwas, was mir am Herzen liegt  &#8211; Risikobereitschaft<br \/>\nAchtsamkeit Neugierde Friede Mitgef\u00fchl Liebe<br \/>\n\u00c4sthetik  &#8211; Sch\u00f6nheit als Ausdruck von Eingestimmt sein<\/p>\n<p>Das erkennen das Linearit\u00e4t gef\u00e4hrlich sein kann als Hinweis auf die Schattenkr\u00e4fte der Hierarchie &#8211; eine Verwirklichungsholarchie hei\u00dft das Gewordene anerkennen in der Begrenztheit und das Muster des Zusammenhalts transzendieren. Frei werden f\u00fcr eine neue Begegnung.<br \/>\nDie Ausdehnung im Gebserschen Sinne ist kugelf\u00f6rmig ausstrahlend &#8211; hebt Zeit im Gewahrsein auf, l\u00e4utert den gemeinsamen Raum.<\/p>\n<p><strong>Freiheit <\/strong>&#8211; als ein immer wieder auftauchender Wert f\u00fchrte dazu das wir spiral dynmics untersuchten hinsichtlich des Vest\u00e4ndnisses was es kollektiv bzw individuell bedeutet<br \/>\n<strong><br \/>\nkollektiv<\/strong><\/p>\n<p>Verst\u00e4ndnis und Einf\u00fchlungsverm\u00f6gen &#8211; den inneren Raum durchl\u00e4ssig halten innehalten,<br \/>\ndurchscheinend im Werden entstehen lassen  das gemeinsame Wir<br \/>\nsich begleiten und dienen, n\u00e4hren das was sich bildet aus dem Zwischenraum, dem intersubjektiven, dem dialogischen, dem Du<br \/>\nN\u00e4he und Verl\u00e4sslichkeit ergeben Vertraut Sein &#8211; das menschliche Pendant zu Bewusstsein im GEIST<br \/>\nFrage nach der Grenze zwischen innen &#8211; zugeh\u00f6rig zusammen und au\u00dfen &#8211; angeh\u00f6rig zugeordnet  &#8211; betrachtet werden als Teil von<br \/>\ntukun alan &#8211; die Welt zusammensetzen , zusammenf\u00fcgen als Aufgabe der Kabbalisten<br \/>\nliberte egalite fraternite &#8211; die anhaltende Kraft der Revolution eines w\u00fcrdevollen Miteinanders immer neu einzul\u00f6sen<br \/>\ntat twam asi<br \/>\nEngagement f\u00fcr \u00d6kologie und Umwelt &#8211; handeln im globalen Sinne f\u00fcr eine Welt die f\u00fcr alle lebenswert ist<br \/>\nImpulsgeber sein , leadershipqualit\u00e4ten entwicken<br \/>\nKommunikation &#8211; offen sein Brillen und h\u00fcllenlos, vorbehaltlos der Tiefe anheimgegeben<br \/>\nPerspektivwechsel &#8211; Flexibilit\u00e4t &#8211; Ebenen und Zustandswechsel der GEISTESgegenwart anvertraut<br \/>\nInszenierung &#8211; sich selbst in Frage stellen<br \/>\n\u00fcben die K\u00f6rper Seele Geist GEIST Zusammenspiel improvisatorisch spontan zu halten<br \/>\nIm Tanz, in der Musik, in der Dichtung  gleiten in den Zeit sich leiten lassen von der Augenblicklichkeit- kunstvoll<\/p>\n<p><strong>Gebsers Fortf\u00fchrung &#8211; wer nimmt sich dem Gebsers Sicht auf die Kunst des 21 jahrhunderts anzuwenden &#8211; was ist das integrale an der Kunst, den Kunstformen der Gegenwart?<\/strong><\/p>\n<p><strong>WIE BILDET SICH BEWUSSTSEIN? <\/strong><br \/>\nL\u00e4sst sich Bewusstsein herstellen, einladen, hervorufen ( aus was)?<br \/>\nWie anders als im modus der Resonanz, in der Kommunion die die Kommunikation transzendiert stellt sie sich dar?<\/p>\n<p>Verhindert, beschattet unser \u00fcberzeugt sein unser Zeuge sein??<br \/>\nEntsteht Schatten durch Abgabe an Verantwortung an das Umfeld &#8211; verliert den Bezugspunkt zum offenen Raum des Gewahrseins, wird eigendynamisch, kreist wie Planeten in Umlaufbahnen &#8211; seltsam losgel\u00f6st.<br \/>\nZugleich ein Verlust an Zentrierung und Kraft &#8211; wenn es gelingt alles R\u00fcckzubinden ( religio) an die eigene verendende Unendlichkeit kehrt Stille ein, kehrt den Unsinn aus.<\/p>\n<p>Wie h\u00e4ngen integrieren, transzendieren zusammen? Was hei\u00dft konkretisieren im gebserschen Sinne?<br \/>\nHei\u00dft integrieren \u00fcberwinden, hinter sich lassen oder einen angemessenen Platz zuteilen samt Kontext, bewahrheitet und begrenzt gleicherma\u00dfen? Bezieht sich transzendieren auf die 3 Person Perspektive &#8211; auf die F\u00e4higkeit ein Muster quasi als zugrundeliegende<br \/>\nEinheit zu erkennen. Das Verbindende \u00fcber das vereinzelte Ich Subjekt , aufgehoben in der Wir Pr\u00e4senz als dynamische Flie\u00dfform zu erkennen.<br \/>\nEvolvieren Schatten?? oder sind es verwahrloste Impulse die sich verformt haben bis zur Unkenntlichkeit, daher als fremd erlebt werden? Welche Rolle spielt der Wille &#8211; und was ist das &#8211; bei der Integration? Ist es das Instrument des Ichs &#8211; des ausgereiften Individuums, der Individualit\u00e4t- die sich durch die Tat, die Handlung in der Welt Raum verschafft?<\/p>\n<p>Das Wohlwollen m\u00fcndet und entstammt dem ins ich versammelten Mensch sein, Mut und Gnade. Ist Wille der Kreuzungspunkt von Individualit\u00e4t und GEIST? Der Schmelzpunkt an dem  das Bewusstsein kulminiert &#8211; sich umst\u00fclpt in GEIST?<\/p>\n<p><strong>Wir ringen um den Bezug, die Verbindung zwischen dem<br \/>\nIndividuum  als dem unteilbaren und dem Bewusstsein als dem nondualen dem nicht zwei<\/strong><\/p>\n<p>In der gemeinsamen Meditation taucht ein begeistern auf, ein Inspiriert sein- m\u00f6glicherweise entspricht  das Bewusstsein dem Raum Zeit Kontinuum.<br \/>\n&#8211;<\/p>\n<\/div><footer class=\"entry-footer\"><\/footer><div class='post_delimiter'><\/div><\/div><div class='post_author_timeline'><\/div><span class='hidden'>\n\t\t\t\t<span class='av-structured-data'  itemprop=\"image\" itemscope=\"itemscope\" itemtype=\"https:\/\/schema.org\/ImageObject\" >\n\t\t\t\t\t\t<span itemprop='url'>http:\/\/integrale-szene.de\/wordpress\/wp-content\/uploads\/2021\/04\/logo-integrale-szene.png<\/span>\n\t\t\t\t\t\t<span itemprop='height'>0<\/span>\n\t\t\t\t\t\t<span itemprop='width'>0<\/span>\n\t\t\t\t<\/span>\n\t\t\t\t<span class='av-structured-data'  itemprop=\"publisher\" itemtype=\"https:\/\/schema.org\/Organization\" itemscope=\"itemscope\" >\n\t\t\t\t\t\t<span itemprop='name'>susanya<\/span>\n\t\t\t\t\t\t<span itemprop='logo' itemscope itemtype='https:\/\/schema.org\/ImageObject'>\n\t\t\t\t\t\t\t<span itemprop='url'>http:\/\/integrale-szene.de\/wordpress\/wp-content\/uploads\/2021\/04\/logo-integrale-szene.png<\/span>\n\t\t\t\t\t\t <\/span>\n\t\t\t\t<\/span><span class='av-structured-data'  itemprop=\"author\" itemscope=\"itemscope\" itemtype=\"https:\/\/schema.org\/Person\" ><span itemprop='name'>susanya<\/span><\/span><span class='av-structured-data'  itemprop=\"datePublished\" datetime=\"2009-12-20T18:09:51+01:00\" >2009-12-20 18:09:51<\/span><span class='av-structured-data'  itemprop=\"dateModified\" itemtype=\"https:\/\/schema.org\/dateModified\" >2009-12-20 18:09:51<\/span><span class='av-structured-data'  itemprop=\"mainEntityOfPage\" itemtype=\"https:\/\/schema.org\/mainEntityOfPage\" ><span itemprop='name'>Werte &#8211; individuell und kollektiv betrachtet &#8211; Integrieren und transzendieren<\/span><\/span><\/span><\/article><article class='post-entry post-entry-type-standard post-entry-65 post-loop-11 post-parity-odd single-small  post-65 post type-post status-publish format-standard hentry category-isam'  itemscope=\"itemscope\" itemtype=\"https:\/\/schema.org\/BlogPosting\" ><div class='blog-meta'><a href='http:\/\/integrale-szene.de\/wordpress\/susanya-bei-ken-wilber\/' class='small-preview'  title=\"Susanya bei Ken Wilber\"   itemprop=\"image\" itemscope=\"itemscope\" itemtype=\"https:\/\/schema.org\/ImageObject\" ><span class=\"iconfont\" aria-hidden='true' data-av_icon='\ue836' data-av_iconfont='entypo-fontello'><\/span><\/a><\/div><div class='entry-content-wrapper clearfix standard-content'><header class=\"entry-content-header\"><h2 class='post-title entry-title '  itemprop=\"headline\" >\t<a href='http:\/\/integrale-szene.de\/wordpress\/susanya-bei-ken-wilber\/' rel='bookmark' title='Permanenter Link zu: Susanya bei Ken Wilber'>Susanya bei Ken Wilber\t\t\t<span class='post-format-icon minor-meta'><\/span>\t<\/a><\/h2><span class='post-meta-infos'><time class='date-container minor-meta updated' >8. Dezember 2008<\/time><span class='text-sep text-sep-date'>\/<\/span><span class='comment-container minor-meta'><a href=\"http:\/\/integrale-szene.de\/wordpress\/susanya-bei-ken-wilber\/#respond\" class=\"comments-link\" >0 Kommentare<\/a><\/span><span class='text-sep text-sep-comment'>\/<\/span><span class=\"blog-categories minor-meta\">in <a href=\"http:\/\/integrale-szene.de\/wordpress\/category\/isam\/\" rel=\"tag\">Isam<\/a> <\/span><span class=\"text-sep text-sep-cat\">\/<\/span><span class=\"blog-author minor-meta\">von <span class=\"entry-author-link\"  itemprop=\"author\" ><span class=\"author\"><span class=\"fn\"><a href=\"http:\/\/integrale-szene.de\/wordpress\/author\/susanya\/\" title=\"Beitr\u00e4ge von susanya\" rel=\"author\">susanya<\/a><\/span><\/span><\/span><\/span><\/span><\/header><div class=\"entry-content\"  itemprop=\"text\" ><p><img decoding=\"async\" loading=\"lazy\" src=\"http:\/\/achtsamen.de\/__oneclick_uploads\/2009\/02\/susany-und-ken-wilber.jpeg\" alt='Susanya zu Besuch bei Ken Wilber' width=\"93%\" height=\"93%\" border='0'\/><\/p>\n<\/div><footer class=\"entry-footer\"><\/footer><div class='post_delimiter'><\/div><\/div><div class='post_author_timeline'><\/div><span class='hidden'>\n\t\t\t\t<span class='av-structured-data'  itemprop=\"image\" itemscope=\"itemscope\" itemtype=\"https:\/\/schema.org\/ImageObject\" >\n\t\t\t\t\t\t<span itemprop='url'>http:\/\/integrale-szene.de\/wordpress\/wp-content\/uploads\/2021\/04\/logo-integrale-szene.png<\/span>\n\t\t\t\t\t\t<span itemprop='height'>0<\/span>\n\t\t\t\t\t\t<span itemprop='width'>0<\/span>\n\t\t\t\t<\/span>\n\t\t\t\t<span class='av-structured-data'  itemprop=\"publisher\" itemtype=\"https:\/\/schema.org\/Organization\" itemscope=\"itemscope\" >\n\t\t\t\t\t\t<span itemprop='name'>susanya<\/span>\n\t\t\t\t\t\t<span itemprop='logo' itemscope itemtype='https:\/\/schema.org\/ImageObject'>\n\t\t\t\t\t\t\t<span itemprop='url'>http:\/\/integrale-szene.de\/wordpress\/wp-content\/uploads\/2021\/04\/logo-integrale-szene.png<\/span>\n\t\t\t\t\t\t <\/span>\n\t\t\t\t<\/span><span class='av-structured-data'  itemprop=\"author\" itemscope=\"itemscope\" itemtype=\"https:\/\/schema.org\/Person\" ><span itemprop='name'>susanya<\/span><\/span><span class='av-structured-data'  itemprop=\"datePublished\" datetime=\"2008-12-08T13:20:11+01:00\" >2008-12-08 13:20:11<\/span><span class='av-structured-data'  itemprop=\"dateModified\" itemtype=\"https:\/\/schema.org\/dateModified\" >2014-01-22 11:00:40<\/span><span class='av-structured-data'  itemprop=\"mainEntityOfPage\" itemtype=\"https:\/\/schema.org\/mainEntityOfPage\" ><span itemprop='name'>Susanya bei Ken Wilber<\/span><\/span><\/span><\/article><article class='post-entry post-entry-type-standard post-entry-58 post-loop-12 post-parity-even post-entry-last single-small  post-58 post type-post status-publish format-standard hentry category-gemeinschaftsbildung'  itemscope=\"itemscope\" itemtype=\"https:\/\/schema.org\/BlogPosting\" ><div class='blog-meta'><a href='http:\/\/integrale-szene.de\/wordpress\/synapse-21\/' class='small-preview'  title=\"Synapse 21\"   itemprop=\"image\" itemscope=\"itemscope\" itemtype=\"https:\/\/schema.org\/ImageObject\" ><span class=\"iconfont\" aria-hidden='true' data-av_icon='\ue836' data-av_iconfont='entypo-fontello'><\/span><\/a><\/div><div class='entry-content-wrapper clearfix standard-content'><header class=\"entry-content-header\"><h2 class='post-title entry-title '  itemprop=\"headline\" >\t<a href='http:\/\/integrale-szene.de\/wordpress\/synapse-21\/' rel='bookmark' title='Permanenter Link zu: Synapse 21'>Synapse 21\t\t\t<span class='post-format-icon minor-meta'><\/span>\t<\/a><\/h2><span class='post-meta-infos'><time class='date-container minor-meta updated' >8. August 2008<\/time><span class='text-sep text-sep-date'>\/<\/span><span class='comment-container minor-meta'><a href=\"http:\/\/integrale-szene.de\/wordpress\/synapse-21\/#respond\" class=\"comments-link\" >0 Kommentare<\/a><\/span><span class='text-sep text-sep-comment'>\/<\/span><span class=\"blog-categories minor-meta\">in <a href=\"http:\/\/integrale-szene.de\/wordpress\/category\/gemeinschaftsbildung\/\" rel=\"tag\">Gemeinschaftsbildung<\/a> <\/span><span class=\"text-sep text-sep-cat\">\/<\/span><span class=\"blog-author minor-meta\">von <span class=\"entry-author-link\"  itemprop=\"author\" ><span class=\"author\"><span class=\"fn\"><a href=\"http:\/\/integrale-szene.de\/wordpress\/author\/susanya\/\" title=\"Beitr\u00e4ge von susanya\" rel=\"author\">susanya<\/a><\/span><\/span><\/span><\/span><\/span><\/header><div class=\"entry-content\"  itemprop=\"text\" ><p>Gemeinschaftsbildung als kreativer offener Raum in einer lebendigen Mitte ist f\u00fcr mich die tragende Vision f\u00fcr das 21 Jahrhundert. Im Westen ist die Chance ein h\u00f6chst indiviualistisches Wesen &#8211; ein Original &#8211; zu werden gegeben. Ohne Erfahrung einer \u201corigin\u201d &#8211; einer urspr\u00fcnglichen Quelle &#8211; die in der Spiritulalit\u00e4t auftauchen kann und ohne Einbindung in eine werteschaffende Gemeinschaft vermissen wir den Sinn unseres Daseins.<\/p>\n<p>Unser Ringen um Autonomie und Verlangen nach Zugeh\u00f6rigkeit bestimmen das Entfalten unseres Potentials. Der eigenen Bestimmung gem\u00e4\u00df leben, authentisch d.h. in \u00dcbereinstimmung mit den gebildeten Werten, bietet Handlungsspielraum. Angesichts der globalen Herausforderungen engagiere ich mich daf\u00fcr einen Ort in Verbindung mit Anderen zu schaffen, die Zukunft gestalten wollen.<\/p>\n<p>Mein Beitrag daf\u00fcr sind die Achtsamen, eine Matrix, in der Integrales (von Herzen Dank an Ken Wilber), das Medizinrad, das Mandala (innigste Dankbarkeit an Lama Ts\u00fcltrim Allione) Gestalt gewinnen aus der Keimzelle meiner Visionssuche 2002.<\/p>\n<p>Essenz und Ekstase &#8211; Tantra als Weg hei\u00dft f\u00fcr mich die Bedingtheiten des Lebens zu tranzedieren und in Weisheit zu bewahren. Im Wissen um das Geschenk des kostbaren Menschenk\u00f6rpers als Instrument zur Erleuchtung und dem Zauber der dem \u201cFrau und Mann Sein\u201d innewohnt, liegt mir daran Heilsames und Heiliges im Umgang miteinander zu leben.<\/p>\n<p>Tanz als sichtbares Gebet, als dynamisches, str\u00f6mendes, energetisches Feldgewahrsein, als Ausdruck von Sch\u00f6pfungsenergie, ist von Anbeginn an ein Zugang zu Tiefe und Wahrhaftigkeit im Augenblick. Br\u00fccke von der Innenwelt \u00fcber die Geb\u00e4rde in den Ausdruck und zugleich Angebot und Einladung. Grenzen entstehen aus aufeinanderprallender Kraft und l\u00f6sen sich im formlosen Raum auf.<\/p>\n<p>Sophia und Prajnaparamita &#8211; die weibliche Weisheit zu vermitteln und spirituelle Wurzeln zu schaffen sind Bedingungen um radikal und als Freifrau handeln und gestalten zu k\u00f6nnen. Es besteht die Notwendigkeit die Geschichte der Frauen ins Bewusstsein zu heben und die damit verbundenen Traumen und Verzerrungen sichtbar zu machen. Ein Ort f\u00fcr Frauenkraft in der altes Wissen gefeiert wird und an dem die m\u00e4nnliche Pr\u00e4senz und Kraft zutiefst willkommen ist, um neue Weisheiten gemeinsam ins Leben zu rufen.<\/p>\n<p>Eine eigene Sprache zu finden, in \u00dcbereinstimmung zu kommen mit dem was wir ausl\u00f6sen durch unser So-Sein, vermittelt das Gef\u00fchl, der eigenen Bestimmung gem\u00e4\u00df zu leben. Wir brauchen einander um uns zu bezeugen, zu bebr\u00fcten, zu geb\u00e4ren und zu bestatten. Nacktsein, sichtbar und verletztlich in dem das wir Gestalt werden k\u00f6nnen nur auf dem Hintergrund des Gesehen, gespiegelt werdens, ist ein Risiko.<\/p>\n<p>Sprache als Medium, als Werkzeug, als Schwingungsraum bedarf der Pflege. Der Dialog, Sinnfluss, ist anf\u00e4llig f\u00fcr St\u00f6rungen. Seit der linguistischen Wende, der F\u00e4higkeit, Sprache selbst zu untersuchen, sind Ebenen der Metakommunikation entstanden, die unser Miteinander zu Lernzszenarien machen k\u00f6nnen.<\/p>\n<p>Eine Gemeinschaft, die sich dem verpflichtet wahrhaftig miteinander zu sein erlaubt freiflie\u00dfende Emotionalit\u00e4t als energetischer Treibstoff und bewahrt einen Raum der Menschlichkeit , indem wir uns verantwortlich vergegenw\u00e4rtigen k\u00f6nnen. Eine\/r f\u00fcr alle, alle f\u00fcr eine\/n hei\u00dft das seelische, transpersonale zu inkarnieren und \u00fcber die eigenen Grenzen hinaus wandlungsf\u00e4hig zu bleiben.<\/p>\n<\/div><footer class=\"entry-footer\"><\/footer><div class='post_delimiter'><\/div><\/div><div class='post_author_timeline'><\/div><span class='hidden'>\n\t\t\t\t<span class='av-structured-data'  itemprop=\"image\" itemscope=\"itemscope\" itemtype=\"https:\/\/schema.org\/ImageObject\" >\n\t\t\t\t\t\t<span itemprop='url'>http:\/\/integrale-szene.de\/wordpress\/wp-content\/uploads\/2021\/04\/logo-integrale-szene.png<\/span>\n\t\t\t\t\t\t<span itemprop='height'>0<\/span>\n\t\t\t\t\t\t<span itemprop='width'>0<\/span>\n\t\t\t\t<\/span>\n\t\t\t\t<span class='av-structured-data'  itemprop=\"publisher\" itemtype=\"https:\/\/schema.org\/Organization\" itemscope=\"itemscope\" >\n\t\t\t\t\t\t<span itemprop='name'>susanya<\/span>\n\t\t\t\t\t\t<span itemprop='logo' itemscope itemtype='https:\/\/schema.org\/ImageObject'>\n\t\t\t\t\t\t\t<span itemprop='url'>http:\/\/integrale-szene.de\/wordpress\/wp-content\/uploads\/2021\/04\/logo-integrale-szene.png<\/span>\n\t\t\t\t\t\t <\/span>\n\t\t\t\t<\/span><span class='av-structured-data'  itemprop=\"author\" itemscope=\"itemscope\" itemtype=\"https:\/\/schema.org\/Person\" ><span itemprop='name'>susanya<\/span><\/span><span class='av-structured-data'  itemprop=\"datePublished\" datetime=\"2008-08-08T18:46:38+01:00\" >2008-08-08 18:46:38<\/span><span class='av-structured-data'  itemprop=\"dateModified\" itemtype=\"https:\/\/schema.org\/dateModified\" >2014-01-22 11:00:40<\/span><span class='av-structured-data'  itemprop=\"mainEntityOfPage\" itemtype=\"https:\/\/schema.org\/mainEntityOfPage\" ><span itemprop='name'>Synapse 21<\/span><\/span><\/span><\/article><div class='single-small'><nav class='pagination'><span class='pagination-meta'>Seite 1 von 3<\/span><span class='current'>1<\/span><a href='http:\/\/integrale-szene.de\/wordpress\/wp-json\/wp\/v2\/pages\/509\/page\/2\/' class='inactive next_page' >2<\/a><a href='http:\/\/integrale-szene.de\/wordpress\/wp-json\/wp\/v2\/pages\/509\/page\/3\/' class='inactive' >3<\/a><\/nav>\n<\/div><\/div>\n\n","protected":false},"excerpt":{"rendered":"","protected":false},"author":2,"featured_media":0,"parent":0,"menu_order":0,"comment_status":"closed","ping_status":"closed","template":"","meta":[],"_links":{"self":[{"href":"http:\/\/integrale-szene.de\/wordpress\/wp-json\/wp\/v2\/pages\/509"}],"collection":[{"href":"http:\/\/integrale-szene.de\/wordpress\/wp-json\/wp\/v2\/pages"}],"about":[{"href":"http:\/\/integrale-szene.de\/wordpress\/wp-json\/wp\/v2\/types\/page"}],"author":[{"embeddable":true,"href":"http:\/\/integrale-szene.de\/wordpress\/wp-json\/wp\/v2\/users\/2"}],"replies":[{"embeddable":true,"href":"http:\/\/integrale-szene.de\/wordpress\/wp-json\/wp\/v2\/comments?post=509"}],"version-history":[{"count":3,"href":"http:\/\/integrale-szene.de\/wordpress\/wp-json\/wp\/v2\/pages\/509\/revisions"}],"predecessor-version":[{"id":588,"href":"http:\/\/integrale-szene.de\/wordpress\/wp-json\/wp\/v2\/pages\/509\/revisions\/588"}],"wp:attachment":[{"href":"http:\/\/integrale-szene.de\/wordpress\/wp-json\/wp\/v2\/media?parent=509"}],"curies":[{"name":"wp","href":"https:\/\/api.w.org\/{rel}","templated":true}]}}